{"id":16206,"date":"2020-02-07T18:17:43","date_gmt":"2020-02-07T16:17:43","guid":{"rendered":"https:\/\/properties.lukinski.com\/realty\/"},"modified":"2022-03-03T02:50:47","modified_gmt":"2022-03-03T07:50:47","slug":"kaufen","status":"publish","type":"page","link":"https:\/\/lukinski.de\/villa\/kaufen\/","title":{"rendered":"Villas: Ibiza, Mallorca, Marbella, Miami &#038; LA"},"content":{"rendered":"<section  class='av_textblock_section av-royoz2-a69b0c3244ad13d3ba0a7e2703b485b3'  itemscope=\"itemscope\" itemtype=\"https:\/\/schema.org\/CreativeWork\" ><div class='avia_textblock'  itemprop=\"text\" ><h1>Villas: Ibiza, Mallorca, Marbella, Miami &amp; LA<\/h1>\n<p>Deutschland, Spanien &amp; USA &#8211; Akquise vor Ort, realistische Bewertung, Besichtigung, Kaufabwicklung, Aufwertung, ich und mein Team erledigen alles f\u00fcr Sie. <span class=\"no-mobile\">Lesen Sie mehr \u00fcber uns unter der Expos\u00e9 Auswahl:<\/span><\/p>\n<div class=\"ere-property-wrap\">\n    <div class=\"ere-property clearfix property-grid \" >\n                <div class=\"container\">\n                    <\/div>\n                            <div class=\"property-content col-gap-30 clearfix columns-3 columns-md-3 columns-sm-2 columns-xs-1 columns-mb-1\">\n                                <div class=\"ere-item-wrap property-item mg-bottom-30\">\n\t<div class=\"property-inner\">\n        <div class=\"property-image\">\r\n    <img loading=\"lazy\" decoding=\"async\" width=\"330\"\r\n     height=\"180\"\r\n     src=\"https:\/\/lukinski.de\/villa\/wp-content\/uploads\/2022\/03\/ibiza-spanien-spain-newly-built-villa-with-fantastic-close-to-beach-for-sale-in-cala-conta-meer-strand-luxus-luxury15-330x180.jpg\"\r\n     onerror=\"this.src = 'https:\/\/lukinski.com\/home\/wp-content\/plugins\/essential-real-estate\/public\/assets\/images\/map-marker-icon.png';\"\r\n     alt=\"Ibiza, Spanien &#8211; Neubau Villa mit fantastischem Blick aufs Meer\"\r\n     title=\"Ibiza, Spanien &#8211; Neubau Villa mit fantastischem Blick aufs Meer\">\r\n\r\n<div class=\"ere__loop-property-action property-action\">\r\n    <a data-toggle=\"tooltip\"\r\n   title=\"(13) Photos\"\r\n   data-property-id=\"36654\"\r\n   href=\"javascript:void(0)\" class=\"property-view-gallery ere__loop-property_action-item\">\r\n    <i class=\"fa fa-camera\"><\/i>\r\n<\/a>\r\n<a href=\"javascript:void(0)\" class=\"property-favorite ere__loop-property_action-item\" data-property-id=\"36654\"\r\n   data-toggle=\"tooltip\"\r\n   title=\"Add to Favorite\"\r\n   data-title-not-favorite=\"Add to Favorite\"\r\n   data-title-favorited=\"It is my favorite\"\r\n   data-icon-not-favorite=\"fa fa-star-o\"\r\n   data-icon-favorited=\"fa fa-star\">\r\n    <i class=\"fa fa-star-o\"><\/i>\r\n<\/a>\r\n<a class=\"compare-property ere__loop-property_action-item\" href=\"javascript:void(0)\"\r\n   data-property-id=\"36654\" data-toggle=\"tooltip\"\r\n   title=\"Compare\">\r\n    <i class=\"fa fa-plus\"><\/i>\r\n<\/a>\r\n<\/div><div class=\"ere__loop-property-badge ere__lpb-featured-label\">\r\n                    <span class=\"ere__loop-property-badge-item ere__term-label new\">\r\n        <span class=\"ere__lpbi-inner\">\r\n            New        <\/span>\r\n    <\/span>\r\n    <\/div>\r\n<div class=\"ere__loop-property-badge ere__lpb-status\">\r\n                    <span class=\"ere__loop-property-badge-item ere__term-status buy\" >\r\n            <span class=\"ere__lpbi-inner\">\r\n                Buy            <\/span>\r\n        <\/span>\r\n                    <span class=\"ere__loop-property-badge-item ere__term-status new\" >\r\n            <span class=\"ere__lpbi-inner\">\r\n                New            <\/span>\r\n        <\/span>\r\n    <\/div>\r\n<a class=\"property-link\" href=\"https:\/\/lukinski.de\/villa\/property\/ibiza-spanien-neubau-villa-mit-fantastischem-blick-aufs-meer-e-4-200-000\/\" title=\"Ibiza, Spanien &#8211; Neubau Villa mit fantastischem Blick aufs Meer\"><\/a>\r\n<\/div>\r\n\r\n\t\t<div class=\"property-item-content\">\n\t\t\t<div class=\"property-heading\">\n                <h2 class=\"property-title\">\n    <a href=\"https:\/\/lukinski.de\/villa\/property\/ibiza-spanien-neubau-villa-mit-fantastischem-blick-aufs-meer-e-4-200-000\/\" title=\"Ibiza, Spanien &#8211; Neubau Villa mit fantastischem Blick aufs Meer\">Ibiza, Spanien &#8211; Neubau Villa mit fantastischem Blick aufs Meer<\/a>\n<\/h2>\n\t<span class=\"property-price ere__loop-property-price\">\n\t\t\t\t$4,684,449\t\t\t<\/span>\n\t\t\t<\/div>\n            <div class=\"property-location ere__loop-property-location\" title=\"Cala Conta, Ibiza\">\n\t<i class=\"fa fa-map-marker\"><\/i>\n\t<a target=\"_blank\" href=\"http:\/\/maps.google.com\/?q=Cala%20Conta,%20Ibiza\" rel=\"noopener\"><span>Cala Conta, Ibiza<\/span><\/a>\n<\/div>\n<div class=\"property-element-inline\">\r\n    <div class=\"property-type-list\"><i class=\"fa fa-tag\"><\/i><a href=\"https:\/\/lukinski.de\/villa\/property-type\/villa\/\" rel=\"tag\">Villa<\/a><\/div><div class=\"property-date\">\r\n    <i class=\"fa fa-calendar\"><\/i>\r\n     4\u00a0Jahren ago<\/div>\r\n<\/div>\r\n<div class=\"property-excerpt\">\r\n    <p>Villa Ibiza &#8211; Neubau Villa mit fantastischem Blick aufs Meer und nur wenige Minuten vom wundersch\u00f6nen Strand von Cala Conta entfernt. Dieses Anwesen bietet nicht nur Platz zum wohnen, sondern es gibt auch die Chance seinen eigenen Club auf dem 28.000 m\u00b2 gro\u00dfen Grundst\u00fcck zu bauen. Zur\u00fcck zur \u00dcbersicht: Villas Ibiza. Villa, Grundst\u00fcck und Ausstattung [&hellip;]<\/p>\n<\/div>\r\n<div class=\"ere__loop-property-info property-info layout-1\">\r\n    <div class=\"property-info-inner\">\r\n        <div class=\"ere__loop-property-info-item property-area\" data-toggle=\"tooltip\" title=\"Size\">\r\n    <i class=\"fa fa-arrows\"><\/i>\r\n    <div class=\"ere__lpi-content\">\r\n        <span class=\"ere__lpi-value\">5,887 SqFt<\/span>\r\n        <span class=\"ere__lpi-label\">Size<\/span>\r\n    <\/div>\r\n<\/div>\r\n\r\n<div class=\"ere__loop-property-info-item property-bedrooms\" data-toggle=\"tooltip\" title=\"5 Bedrooms\">\r\n    <i class=\"fa fa-hotel\"><\/i>\r\n    <div class=\"ere__lpi-content\">\r\n        <span class=\"ere__lpi-value\">5<\/span>\r\n        <span class=\"ere__lpi-label\">Bedrooms<\/span>\r\n    <\/div>\r\n<\/div><div class=\"ere__loop-property-info-item property-bathrooms\" data-toggle=\"tooltip\" title=\"5 Bathrooms\">\r\n    <i class=\"fa fa-bath\"><\/i>\r\n    <div class=\"ere__lpi-content\">\r\n        <span class=\"ere__lpi-value\">5<\/span>\r\n        <span class=\"ere__lpi-label\">Bathrooms<\/span>\r\n    <\/div>\r\n<\/div>\r\n    <\/div>\r\n<\/div>\r\n\n\t\t<\/div>\n\t<\/div>\n<\/div>                    <div class=\"ere-item-wrap property-item mg-bottom-30\">\n\t<div class=\"property-inner\">\n        <div class=\"property-image\">\r\n    <img loading=\"lazy\" decoding=\"async\" width=\"330\"\r\n     height=\"180\"\r\n     src=\"https:\/\/lukinski.de\/villa\/wp-content\/uploads\/2022\/03\/ibiza-modern-villa-in-cala-codolar-with-fantastic-views-to-the-sea-meerblick-swimmingpool-pool-schwimmen21-330x180.jpg\"\r\n     onerror=\"this.src = 'https:\/\/lukinski.com\/home\/wp-content\/plugins\/essential-real-estate\/public\/assets\/images\/map-marker-icon.png';\"\r\n     alt=\"Ibiza, Spanien &#8211; Moderne Villa in Cala Codolar\"\r\n     title=\"Ibiza, Spanien &#8211; Moderne Villa in Cala Codolar\">\r\n\r\n<div class=\"ere__loop-property-action property-action\">\r\n    <a data-toggle=\"tooltip\"\r\n   title=\"(18) Photos\"\r\n   data-property-id=\"36598\"\r\n   href=\"javascript:void(0)\" class=\"property-view-gallery ere__loop-property_action-item\">\r\n    <i class=\"fa fa-camera\"><\/i>\r\n<\/a>\r\n<a href=\"javascript:void(0)\" class=\"property-favorite ere__loop-property_action-item\" data-property-id=\"36598\"\r\n   data-toggle=\"tooltip\"\r\n   title=\"Add to Favorite\"\r\n   data-title-not-favorite=\"Add to Favorite\"\r\n   data-title-favorited=\"It is my favorite\"\r\n   data-icon-not-favorite=\"fa fa-star-o\"\r\n   data-icon-favorited=\"fa fa-star\">\r\n    <i class=\"fa fa-star-o\"><\/i>\r\n<\/a>\r\n<a class=\"compare-property ere__loop-property_action-item\" href=\"javascript:void(0)\"\r\n   data-property-id=\"36598\" data-toggle=\"tooltip\"\r\n   title=\"Compare\">\r\n    <i class=\"fa fa-plus\"><\/i>\r\n<\/a>\r\n<\/div><div class=\"ere__loop-property-badge ere__lpb-featured-label\">\r\n                    <span class=\"ere__loop-property-badge-item ere__term-label new\">\r\n        <span class=\"ere__lpbi-inner\">\r\n            New        <\/span>\r\n    <\/span>\r\n    <\/div>\r\n<div class=\"ere__loop-property-badge ere__lpb-status\">\r\n                    <span class=\"ere__loop-property-badge-item ere__term-status buy\" >\r\n            <span class=\"ere__lpbi-inner\">\r\n                Buy            <\/span>\r\n        <\/span>\r\n                    <span class=\"ere__loop-property-badge-item ere__term-status new\" >\r\n            <span class=\"ere__lpbi-inner\">\r\n                New            <\/span>\r\n        <\/span>\r\n    <\/div>\r\n<a class=\"property-link\" href=\"https:\/\/lukinski.de\/villa\/property\/ibiza-spanien-moderne-villa-in-cala-codolar-e-1-900-000\/\" title=\"Ibiza, Spanien &#8211; Moderne Villa in Cala Codolar\"><\/a>\r\n<\/div>\r\n\r\n\t\t<div class=\"property-item-content\">\n\t\t\t<div class=\"property-heading\">\n                <h2 class=\"property-title\">\n    <a href=\"https:\/\/lukinski.de\/villa\/property\/ibiza-spanien-moderne-villa-in-cala-codolar-e-1-900-000\/\" title=\"Ibiza, Spanien &#8211; Moderne Villa in Cala Codolar\">Ibiza, Spanien &#8211; Moderne Villa in Cala Codolar<\/a>\n<\/h2>\n\t<span class=\"property-price ere__loop-property-price\">\n\t\t\t\t$2,121,739\t\t\t<\/span>\n\t\t\t<\/div>\n            <div class=\"property-location ere__loop-property-location\" title=\"Cala Codolar, Ibiza\">\n\t<i class=\"fa fa-map-marker\"><\/i>\n\t<a target=\"_blank\" href=\"http:\/\/maps.google.com\/?q=Cala%20Codolar,%20Ibiza\" rel=\"noopener\"><span>Cala Codolar, Ibiza<\/span><\/a>\n<\/div>\n<div class=\"property-element-inline\">\r\n    <div class=\"property-type-list\"><i class=\"fa fa-tag\"><\/i><a href=\"https:\/\/lukinski.de\/villa\/property-type\/villa\/\" rel=\"tag\">Villa<\/a><\/div><div class=\"property-date\">\r\n    <i class=\"fa fa-calendar\"><\/i>\r\n     4\u00a0Jahren ago<\/div>\r\n<\/div>\r\n<div class=\"property-excerpt\">\r\n    <p>Villa Ibiza &#8211; Diese moderne Villa l\u00e4sst jedes Herz h\u00f6her schlagen. Dieses besondere Anwesen wurde 2019 renoviert und bietet einen einzigartigen Blick \u00fcber Es Vedra und \u00fcber das Meer. Zur\u00fcck zur \u00dcbersicht: Villas Ibiza. Villa, Grundst\u00fcck und Ausstattung Die Villa bietet ein offenes Wohn-\/Esszimmer, drei Schlafzimmer-Suiten mit jeweils einem eigenen Bad. Zwei von den Schlafzimmern [&hellip;]<\/p>\n<\/div>\r\n<div class=\"ere__loop-property-info property-info layout-1\">\r\n    <div class=\"property-info-inner\">\r\n        <div class=\"ere__loop-property-info-item property-area\" data-toggle=\"tooltip\" title=\"Size\">\r\n    <i class=\"fa fa-arrows\"><\/i>\r\n    <div class=\"ere__lpi-content\">\r\n        <span class=\"ere__lpi-value\">4,413 SqFt<\/span>\r\n        <span class=\"ere__lpi-label\">Size<\/span>\r\n    <\/div>\r\n<\/div>\r\n\r\n<div class=\"ere__loop-property-info-item property-bedrooms\" data-toggle=\"tooltip\" title=\"3 Bedrooms\">\r\n    <i class=\"fa fa-hotel\"><\/i>\r\n    <div class=\"ere__lpi-content\">\r\n        <span class=\"ere__lpi-value\">3<\/span>\r\n        <span class=\"ere__lpi-label\">Bedrooms<\/span>\r\n    <\/div>\r\n<\/div><div class=\"ere__loop-property-info-item property-bathrooms\" data-toggle=\"tooltip\" title=\"3 Bathrooms\">\r\n    <i class=\"fa fa-bath\"><\/i>\r\n    <div class=\"ere__lpi-content\">\r\n        <span class=\"ere__lpi-value\">3<\/span>\r\n        <span class=\"ere__lpi-label\">Bathrooms<\/span>\r\n    <\/div>\r\n<\/div>\r\n    <\/div>\r\n<\/div>\r\n\n\t\t<\/div>\n\t<\/div>\n<\/div>                    <div class=\"ere-item-wrap property-item mg-bottom-30\">\n\t<div class=\"property-inner\">\n        <div class=\"property-image\">\r\n    <img loading=\"lazy\" decoding=\"async\" width=\"330\"\r\n     height=\"180\"\r\n     src=\"https:\/\/lukinski.de\/villa\/wp-content\/uploads\/2022\/03\/ibiza-minimalistic-villa-with-spacious-bedrooms-for-sale-vista-alegre-zu-verkaufen-luxus-luxury-swimmingpool-schwimmen-relax-sun-sonnen9-330x180.jpg\"\r\n     onerror=\"this.src = 'https:\/\/lukinski.com\/home\/wp-content\/plugins\/essential-real-estate\/public\/assets\/images\/map-marker-icon.png';\"\r\n     alt=\"Ibiza, Spanien &#8211; Minimalistische Villa in begehrter Gegend San Jos\u00e9\"\r\n     title=\"Ibiza, Spanien &#8211; Minimalistische Villa in begehrter Gegend San Jos\u00e9\">\r\n\r\n<div class=\"ere__loop-property-action property-action\">\r\n    <a data-toggle=\"tooltip\"\r\n   title=\"(17) Photos\"\r\n   data-property-id=\"36541\"\r\n   href=\"javascript:void(0)\" class=\"property-view-gallery ere__loop-property_action-item\">\r\n    <i class=\"fa fa-camera\"><\/i>\r\n<\/a>\r\n<a href=\"javascript:void(0)\" class=\"property-favorite ere__loop-property_action-item\" data-property-id=\"36541\"\r\n   data-toggle=\"tooltip\"\r\n   title=\"Add to Favorite\"\r\n   data-title-not-favorite=\"Add to Favorite\"\r\n   data-title-favorited=\"It is my favorite\"\r\n   data-icon-not-favorite=\"fa fa-star-o\"\r\n   data-icon-favorited=\"fa fa-star\">\r\n    <i class=\"fa fa-star-o\"><\/i>\r\n<\/a>\r\n<a class=\"compare-property ere__loop-property_action-item\" href=\"javascript:void(0)\"\r\n   data-property-id=\"36541\" data-toggle=\"tooltip\"\r\n   title=\"Compare\">\r\n    <i class=\"fa fa-plus\"><\/i>\r\n<\/a>\r\n<\/div><div class=\"ere__loop-property-badge ere__lpb-featured-label\">\r\n                    <span class=\"ere__loop-property-badge-item ere__term-label new\">\r\n        <span class=\"ere__lpbi-inner\">\r\n            New        <\/span>\r\n    <\/span>\r\n    <\/div>\r\n<div class=\"ere__loop-property-badge ere__lpb-status\">\r\n                    <span class=\"ere__loop-property-badge-item ere__term-status buy\" >\r\n            <span class=\"ere__lpbi-inner\">\r\n                Buy            <\/span>\r\n        <\/span>\r\n                    <span class=\"ere__loop-property-badge-item ere__term-status new\" >\r\n            <span class=\"ere__lpbi-inner\">\r\n                New            <\/span>\r\n        <\/span>\r\n    <\/div>\r\n<a class=\"property-link\" href=\"https:\/\/lukinski.de\/villa\/property\/ibiza-spanien-minimalistische-villa-in-begehrter-gegend-san-jose-e-3-650-000\/\" title=\"Ibiza, Spanien &#8211; Minimalistische Villa in begehrter Gegend San Jos\u00e9\"><\/a>\r\n<\/div>\r\n\r\n\t\t<div class=\"property-item-content\">\n\t\t\t<div class=\"property-heading\">\n                <h2 class=\"property-title\">\n    <a href=\"https:\/\/lukinski.de\/villa\/property\/ibiza-spanien-minimalistische-villa-in-begehrter-gegend-san-jose-e-3-650-000\/\" title=\"Ibiza, Spanien &#8211; Minimalistische Villa in begehrter Gegend San Jos\u00e9\">Ibiza, Spanien &#8211; Minimalistische Villa in begehrter Gegend San Jos\u00e9<\/a>\n<\/h2>\n\t<span class=\"property-price ere__loop-property-price\">\n\t\t\t\t$3,650,000\t\t\t<\/span>\n\t\t\t<\/div>\n            <div class=\"property-location ere__loop-property-location\" title=\"Es Cubells, San Jos\u00e9, Ibiza \">\n\t<i class=\"fa fa-map-marker\"><\/i>\n\t<a target=\"_blank\" href=\"http:\/\/maps.google.com\/?q=Es%20Cubells,%20San%20Jos\u00e9,%20Ibiza%20\" rel=\"noopener\"><span>Es Cubells, San Jos\u00e9, Ibiza <\/span><\/a>\n<\/div>\n<div class=\"property-element-inline\">\r\n    <div class=\"property-type-list\"><i class=\"fa fa-tag\"><\/i><a href=\"https:\/\/lukinski.de\/villa\/property-type\/villa\/\" rel=\"tag\">Villa<\/a><\/div><div class=\"property-date\">\r\n    <i class=\"fa fa-calendar\"><\/i>\r\n     4\u00a0Jahren ago<\/div>\r\n<\/div>\r\n<div class=\"property-excerpt\">\r\n    <p>Villa Ibiza &#8211; Diese Villa befindet sich in der begehrten Gegend von San Jose. 2017 wurde die minimalistische Villa mit hochwertigen Materialien und einem modernen Baustil gebaut. Besonders dem Au\u00dfenbereich wurde viel Bedeutung geschenkt, denn Orte des Lebens auf Ibiza sind meist im Freien. Diese Villa l\u00e4sst jedes Herz h\u00f6her schlagen. Zur\u00fcck zur \u00dcbersicht: Villas [&hellip;]<\/p>\n<\/div>\r\n<div class=\"ere__loop-property-info property-info layout-1\">\r\n    <div class=\"property-info-inner\">\r\n        <div class=\"ere__loop-property-info-item property-area\" data-toggle=\"tooltip\" title=\"Size\">\r\n    <i class=\"fa fa-arrows\"><\/i>\r\n    <div class=\"ere__lpi-content\">\r\n        <span class=\"ere__lpi-value\">13,347 SqFt<\/span>\r\n        <span class=\"ere__lpi-label\">Size<\/span>\r\n    <\/div>\r\n<\/div>\r\n\r\n<div class=\"ere__loop-property-info-item property-bedrooms\" data-toggle=\"tooltip\" title=\"3 Bedrooms\">\r\n    <i class=\"fa fa-hotel\"><\/i>\r\n    <div class=\"ere__lpi-content\">\r\n        <span class=\"ere__lpi-value\">3<\/span>\r\n        <span class=\"ere__lpi-label\">Bedrooms<\/span>\r\n    <\/div>\r\n<\/div><div class=\"ere__loop-property-info-item property-bathrooms\" data-toggle=\"tooltip\" title=\"3 Bathrooms\">\r\n    <i class=\"fa fa-bath\"><\/i>\r\n    <div class=\"ere__lpi-content\">\r\n        <span class=\"ere__lpi-value\">3<\/span>\r\n        <span class=\"ere__lpi-label\">Bathrooms<\/span>\r\n    <\/div>\r\n<\/div>\r\n    <\/div>\r\n<\/div>\r\n\n\t\t<\/div>\n\t<\/div>\n<\/div>                    <div class=\"ere-item-wrap property-item mg-bottom-30\">\n\t<div class=\"property-inner\">\n        <div class=\"property-image\">\r\n    <img loading=\"lazy\" decoding=\"async\" width=\"330\"\r\n     height=\"180\"\r\n     src=\"https:\/\/lukinski.de\/villa\/wp-content\/uploads\/2022\/02\/ibiza-spanien-spain-cala-codolar-villa-modern-new-build-luxury-luxus-immobilie-swimmingpool-water-schwimmen-9-330x180.jpg\"\r\n     onerror=\"this.src = 'https:\/\/lukinski.com\/home\/wp-content\/plugins\/essential-real-estate\/public\/assets\/images\/map-marker-icon.png';\"\r\n     alt=\"Ibiza, Spanien &#8211; Neubau Villa mit Meerblick in Cala Codolar\"\r\n     title=\"Ibiza, Spanien &#8211; Neubau Villa mit Meerblick in Cala Codolar\">\r\n\r\n<div class=\"ere__loop-property-action property-action\">\r\n    <a data-toggle=\"tooltip\"\r\n   title=\"(18) Photos\"\r\n   data-property-id=\"36528\"\r\n   href=\"javascript:void(0)\" class=\"property-view-gallery ere__loop-property_action-item\">\r\n    <i class=\"fa fa-camera\"><\/i>\r\n<\/a>\r\n<a href=\"javascript:void(0)\" class=\"property-favorite ere__loop-property_action-item\" data-property-id=\"36528\"\r\n   data-toggle=\"tooltip\"\r\n   title=\"Add to Favorite\"\r\n   data-title-not-favorite=\"Add to Favorite\"\r\n   data-title-favorited=\"It is my favorite\"\r\n   data-icon-not-favorite=\"fa fa-star-o\"\r\n   data-icon-favorited=\"fa fa-star\">\r\n    <i class=\"fa fa-star-o\"><\/i>\r\n<\/a>\r\n<a class=\"compare-property ere__loop-property_action-item\" href=\"javascript:void(0)\"\r\n   data-property-id=\"36528\" data-toggle=\"tooltip\"\r\n   title=\"Compare\">\r\n    <i class=\"fa fa-plus\"><\/i>\r\n<\/a>\r\n<\/div><div class=\"ere__loop-property-badge ere__lpb-featured-label\">\r\n                    <span class=\"ere__loop-property-badge-item ere__term-label new\">\r\n        <span class=\"ere__lpbi-inner\">\r\n            New        <\/span>\r\n    <\/span>\r\n    <\/div>\r\n<div class=\"ere__loop-property-badge ere__lpb-status\">\r\n                    <span class=\"ere__loop-property-badge-item ere__term-status buy\" >\r\n            <span class=\"ere__lpbi-inner\">\r\n                Buy            <\/span>\r\n        <\/span>\r\n                    <span class=\"ere__loop-property-badge-item ere__term-status new\" >\r\n            <span class=\"ere__lpbi-inner\">\r\n                New            <\/span>\r\n        <\/span>\r\n    <\/div>\r\n<a class=\"property-link\" href=\"https:\/\/lukinski.de\/villa\/property\/ibiza-spanien-neubau-villa-mit-meerblick-in-cala-codolar-e-3-495-000\/\" title=\"Ibiza, Spanien &#8211; Neubau Villa mit Meerblick in Cala Codolar\"><\/a>\r\n<\/div>\r\n\r\n\t\t<div class=\"property-item-content\">\n\t\t\t<div class=\"property-heading\">\n                <h2 class=\"property-title\">\n    <a href=\"https:\/\/lukinski.de\/villa\/property\/ibiza-spanien-neubau-villa-mit-meerblick-in-cala-codolar-e-3-495-000\/\" title=\"Ibiza, Spanien &#8211; Neubau Villa mit Meerblick in Cala Codolar\">Ibiza, Spanien &#8211; Neubau Villa mit Meerblick in Cala Codolar<\/a>\n<\/h2>\n\t<span class=\"property-price ere__loop-property-price\">\n\t\t\t\t$3,878,611\t\t\t<\/span>\n\t\t\t<\/div>\n            <div class=\"property-location ere__loop-property-location\" title=\"Cala Codolar, Ibiza\">\n\t<i class=\"fa fa-map-marker\"><\/i>\n\t<a target=\"_blank\" href=\"http:\/\/maps.google.com\/?q=Cala%20Codolar,%20Ibiza\" rel=\"noopener\"><span>Cala Codolar, Ibiza<\/span><\/a>\n<\/div>\n<div class=\"property-element-inline\">\r\n    <div class=\"property-type-list\"><i class=\"fa fa-tag\"><\/i><a href=\"https:\/\/lukinski.de\/villa\/property-type\/villa\/\" rel=\"tag\">Villa<\/a><\/div><div class=\"property-date\">\r\n    <i class=\"fa fa-calendar\"><\/i>\r\n     4\u00a0Jahren ago<\/div>\r\n<\/div>\r\n<div class=\"property-excerpt\">\r\n    <p>Villa Ibiza &#8211; Ein traumhaftes Anwesen, dass sich in der Gegend von Cala Codolar befindet. Dieser Ort ist besonders bekannt f\u00fcr magische Sonnenunterg\u00e4nge. Diese Villa bietet viel Privatsph\u00e4re und Ruhe und ist deshalb optimal f\u00fcr Paare oder Familien geeignet. Zur\u00fcck zur \u00dcbersicht: Villas Ibiza. Villa, Grundst\u00fcck und Ausstattung Die Villa befindet sich auf einem 1300 [&hellip;]<\/p>\n<\/div>\r\n<div class=\"ere__loop-property-info property-info layout-1\">\r\n    <div class=\"property-info-inner\">\r\n        <div class=\"ere__loop-property-info-item property-area\" data-toggle=\"tooltip\" title=\"Size\">\r\n    <i class=\"fa fa-arrows\"><\/i>\r\n    <div class=\"ere__lpi-content\">\r\n        <span class=\"ere__lpi-value\">4,843 SqFt<\/span>\r\n        <span class=\"ere__lpi-label\">Size<\/span>\r\n    <\/div>\r\n<\/div>\r\n\r\n<div class=\"ere__loop-property-info-item property-bedrooms\" data-toggle=\"tooltip\" title=\"8 Bedrooms\">\r\n    <i class=\"fa fa-hotel\"><\/i>\r\n    <div class=\"ere__lpi-content\">\r\n        <span class=\"ere__lpi-value\">8<\/span>\r\n        <span class=\"ere__lpi-label\">Bedrooms<\/span>\r\n    <\/div>\r\n<\/div><div class=\"ere__loop-property-info-item property-bathrooms\" data-toggle=\"tooltip\" title=\"8 Bathrooms\">\r\n    <i class=\"fa fa-bath\"><\/i>\r\n    <div class=\"ere__lpi-content\">\r\n        <span class=\"ere__lpi-value\">8<\/span>\r\n        <span class=\"ere__lpi-label\">Bathrooms<\/span>\r\n    <\/div>\r\n<\/div>\r\n    <\/div>\r\n<\/div>\r\n\n\t\t<\/div>\n\t<\/div>\n<\/div>                    <div class=\"ere-item-wrap property-item mg-bottom-30\">\n\t<div class=\"property-inner\">\n        <div class=\"property-image\">\r\n    <img loading=\"lazy\" decoding=\"async\" width=\"330\"\r\n     height=\"180\"\r\n     src=\"https:\/\/lukinski.de\/villa\/wp-content\/uploads\/2022\/02\/ibiza-san-jose-villa-rennoviert-renovated-luxus-luxury-new-modern-swimmingpool-schwimmen-16-330x180.jpg\"\r\n     onerror=\"this.src = 'https:\/\/lukinski.com\/home\/wp-content\/plugins\/essential-real-estate\/public\/assets\/images\/map-marker-icon.png';\"\r\n     alt=\"Ibiza, Spanien &#8211; Neu renovierte Villa in San Jose\"\r\n     title=\"Ibiza, Spanien &#8211; Neu renovierte Villa in San Jose\">\r\n\r\n<div class=\"ere__loop-property-action property-action\">\r\n    <a data-toggle=\"tooltip\"\r\n   title=\"(17) Photos\"\r\n   data-property-id=\"35932\"\r\n   href=\"javascript:void(0)\" class=\"property-view-gallery ere__loop-property_action-item\">\r\n    <i class=\"fa fa-camera\"><\/i>\r\n<\/a>\r\n<a href=\"javascript:void(0)\" class=\"property-favorite ere__loop-property_action-item\" data-property-id=\"35932\"\r\n   data-toggle=\"tooltip\"\r\n   title=\"Add to Favorite\"\r\n   data-title-not-favorite=\"Add to Favorite\"\r\n   data-title-favorited=\"It is my favorite\"\r\n   data-icon-not-favorite=\"fa fa-star-o\"\r\n   data-icon-favorited=\"fa fa-star\">\r\n    <i class=\"fa fa-star-o\"><\/i>\r\n<\/a>\r\n<a class=\"compare-property ere__loop-property_action-item\" href=\"javascript:void(0)\"\r\n   data-property-id=\"35932\" data-toggle=\"tooltip\"\r\n   title=\"Compare\">\r\n    <i class=\"fa fa-plus\"><\/i>\r\n<\/a>\r\n<\/div><div class=\"ere__loop-property-badge ere__lpb-featured-label\">\r\n                    <span class=\"ere__loop-property-badge-item ere__term-label new\">\r\n        <span class=\"ere__lpbi-inner\">\r\n            New        <\/span>\r\n    <\/span>\r\n    <\/div>\r\n<div class=\"ere__loop-property-badge ere__lpb-status\">\r\n                    <span class=\"ere__loop-property-badge-item ere__term-status buy\" >\r\n            <span class=\"ere__lpbi-inner\">\r\n                Buy            <\/span>\r\n        <\/span>\r\n                    <span class=\"ere__loop-property-badge-item ere__term-status new\" >\r\n            <span class=\"ere__lpbi-inner\">\r\n                New            <\/span>\r\n        <\/span>\r\n    <\/div>\r\n<a class=\"property-link\" href=\"https:\/\/lukinski.de\/villa\/property\/ibiza-spanien-neu-renovierte-villa-in-san-jose-e-3-400-000\/\" title=\"Ibiza, Spanien &#8211; Neu renovierte Villa in San Jose\"><\/a>\r\n<\/div>\r\n\r\n\t\t<div class=\"property-item-content\">\n\t\t\t<div class=\"property-heading\">\n                <h2 class=\"property-title\">\n    <a href=\"https:\/\/lukinski.de\/villa\/property\/ibiza-spanien-neu-renovierte-villa-in-san-jose-e-3-400-000\/\" title=\"Ibiza, Spanien &#8211; Neu renovierte Villa in San Jose\">Ibiza, Spanien &#8211; Neu renovierte Villa in San Jose<\/a>\n<\/h2>\n\t<span class=\"property-price ere__loop-property-price\">\n\t\t\t\t$3,799,585\t\t\t<\/span>\n\t\t\t<\/div>\n            <div class=\"property-location ere__loop-property-location\" title=\"San Jose, Ibiza\">\n\t<i class=\"fa fa-map-marker\"><\/i>\n\t<a target=\"_blank\" href=\"http:\/\/maps.google.com\/?q=San%20Jose,%20Ibiza\" rel=\"noopener\"><span>San Jose, Ibiza<\/span><\/a>\n<\/div>\n<div class=\"property-element-inline\">\r\n    <div class=\"property-type-list\"><i class=\"fa fa-tag\"><\/i><a href=\"https:\/\/lukinski.de\/villa\/property-type\/villa\/\" rel=\"tag\">Villa<\/a><\/div><div class=\"property-date\">\r\n    <i class=\"fa fa-calendar\"><\/i>\r\n     4\u00a0Jahren ago<\/div>\r\n<\/div>\r\n<div class=\"property-excerpt\">\r\n    <p>Villa Ibiza &#8211; Diese neu renovierte Villa befindet sich im Herzen von San Jose und liegt in direkter Stadt- und Flughafen Lage. Von der Villa aus hat man den direkten Blick aufs Meer. Das Anwesen besteht aus traditionellen, spanischen Elementen und gleichzeitig aus einem modernen Stil. Zur\u00fcck zur \u00dcbersicht: Villas Ibiza. Villa, Grundst\u00fcck und Ausstattung [&hellip;]<\/p>\n<\/div>\r\n<div class=\"ere__loop-property-info property-info layout-1\">\r\n    <div class=\"property-info-inner\">\r\n        <div class=\"ere__loop-property-info-item property-area\" data-toggle=\"tooltip\" title=\"Size\">\r\n    <i class=\"fa fa-arrows\"><\/i>\r\n    <div class=\"ere__lpi-content\">\r\n        <span class=\"ere__lpi-value\">4,843 SqFt<\/span>\r\n        <span class=\"ere__lpi-label\">Size<\/span>\r\n    <\/div>\r\n<\/div>\r\n\r\n<div class=\"ere__loop-property-info-item property-bedrooms\" data-toggle=\"tooltip\" title=\"6 Bedrooms\">\r\n    <i class=\"fa fa-hotel\"><\/i>\r\n    <div class=\"ere__lpi-content\">\r\n        <span class=\"ere__lpi-value\">6<\/span>\r\n        <span class=\"ere__lpi-label\">Bedrooms<\/span>\r\n    <\/div>\r\n<\/div><div class=\"ere__loop-property-info-item property-bathrooms\" data-toggle=\"tooltip\" title=\"5 Bathrooms\">\r\n    <i class=\"fa fa-bath\"><\/i>\r\n    <div class=\"ere__lpi-content\">\r\n        <span class=\"ere__lpi-value\">5<\/span>\r\n        <span class=\"ere__lpi-label\">Bathrooms<\/span>\r\n    <\/div>\r\n<\/div>\r\n    <\/div>\r\n<\/div>\r\n\n\t\t<\/div>\n\t<\/div>\n<\/div>                    <div class=\"ere-item-wrap property-item mg-bottom-30\">\n\t<div class=\"property-inner\">\n        <div class=\"property-image\">\r\n    <img loading=\"lazy\" decoding=\"async\" width=\"330\"\r\n     height=\"180\"\r\n     src=\"https:\/\/lukinski.de\/villa\/wp-content\/uploads\/2022\/02\/villa-ibiza-verkauft-meerblick-transparent-330x180.jpg\"\r\n     onerror=\"this.src = 'https:\/\/lukinski.com\/home\/wp-content\/plugins\/essential-real-estate\/public\/assets\/images\/map-marker-icon.png';\"\r\n     alt=\"Ibiza, Spanien &#8211; Villa mit fantastischem Blick auf den Sonnenuntergang in Cala Moli\"\r\n     title=\"Ibiza, Spanien &#8211; Villa mit fantastischem Blick auf den Sonnenuntergang in Cala Moli\">\r\n\r\n<div class=\"ere__loop-property-action property-action\">\r\n    <a data-toggle=\"tooltip\"\r\n   title=\"(3) Photos\"\r\n   data-property-id=\"35937\"\r\n   href=\"javascript:void(0)\" class=\"property-view-gallery ere__loop-property_action-item\">\r\n    <i class=\"fa fa-camera\"><\/i>\r\n<\/a>\r\n<a href=\"javascript:void(0)\" class=\"property-favorite ere__loop-property_action-item\" data-property-id=\"35937\"\r\n   data-toggle=\"tooltip\"\r\n   title=\"Add to Favorite\"\r\n   data-title-not-favorite=\"Add to Favorite\"\r\n   data-title-favorited=\"It is my favorite\"\r\n   data-icon-not-favorite=\"fa fa-star-o\"\r\n   data-icon-favorited=\"fa fa-star\">\r\n    <i class=\"fa fa-star-o\"><\/i>\r\n<\/a>\r\n<a class=\"compare-property ere__loop-property_action-item\" href=\"javascript:void(0)\"\r\n   data-property-id=\"35937\" data-toggle=\"tooltip\"\r\n   title=\"Compare\">\r\n    <i class=\"fa fa-plus\"><\/i>\r\n<\/a>\r\n<\/div><div class=\"ere__loop-property-badge ere__lpb-featured-label\">\r\n                    <span class=\"ere__loop-property-badge-item ere__term-label sold\">\r\n        <span class=\"ere__lpbi-inner\">\r\n            Sold        <\/span>\r\n    <\/span>\r\n    <\/div>\r\n<a class=\"property-link\" href=\"https:\/\/lukinski.de\/villa\/property\/ibiza-spanien-villa-blick-sonnenuntergang-cala-moli\/\" title=\"Ibiza, Spanien &#8211; Villa mit fantastischem Blick auf den Sonnenuntergang in Cala Moli\"><\/a>\r\n<\/div>\r\n\r\n\t\t<div class=\"property-item-content\">\n\t\t\t<div class=\"property-heading\">\n                <h2 class=\"property-title\">\n    <a href=\"https:\/\/lukinski.de\/villa\/property\/ibiza-spanien-villa-blick-sonnenuntergang-cala-moli\/\" title=\"Ibiza, Spanien &#8211; Villa mit fantastischem Blick auf den Sonnenuntergang in Cala Moli\">Ibiza, Spanien &#8211; Villa mit fantastischem Blick auf den Sonnenuntergang in Cala Moli<\/a>\n<\/h2>\n    <span class=\"property-price ere__loop-property-price\">\n\t\tPrice on call\t<\/span>\n\t\t\t<\/div>\n            <div class=\"property-location ere__loop-property-location\" title=\"Cala Moli, Ibiza\">\n\t<i class=\"fa fa-map-marker\"><\/i>\n\t<a target=\"_blank\" href=\"http:\/\/maps.google.com\/?q=Cala%20Moli,%20Ibiza\" rel=\"noopener\"><span>Cala Moli, Ibiza<\/span><\/a>\n<\/div>\n<div class=\"property-element-inline\">\r\n    <div class=\"property-type-list\"><i class=\"fa fa-tag\"><\/i><a href=\"https:\/\/lukinski.de\/villa\/property-type\/villa\/\" rel=\"tag\">Villa<\/a><\/div><div class=\"property-date\">\r\n    <i class=\"fa fa-calendar\"><\/i>\r\n     4\u00a0Jahren ago<\/div>\r\n<\/div>\r\n<div class=\"property-excerpt\">\r\n    <p>Villa Ibiza mit herrlichem Blick auf das glitzernde Mittelmeer &#8211; nur 15 Autominuten von San Jose oder San Antonio, Ibiza entfernt. Die Unterkunft bietet maximales Wohlbefinden mit Sonnenliegen, Sonnenschirmen, Pool und mehr. Cala Moli ist ein abgelegener Strand zwischen den Ferienorten Cala Vadella und Cala Tarida, der den Vorteil eines Beach Clubs mit eigenem Pool [&hellip;]<\/p>\n<\/div>\r\n<div class=\"ere__loop-property-info property-info layout-1\">\r\n    <div class=\"property-info-inner\">\r\n        <div class=\"ere__loop-property-info-item property-area\" data-toggle=\"tooltip\" title=\"Size\">\r\n    <i class=\"fa fa-arrows\"><\/i>\r\n    <div class=\"ere__lpi-content\">\r\n        <span class=\"ere__lpi-value\">4,440 SqFt<\/span>\r\n        <span class=\"ere__lpi-label\">Size<\/span>\r\n    <\/div>\r\n<\/div>\r\n\r\n<div class=\"ere__loop-property-info-item property-bedrooms\" data-toggle=\"tooltip\" title=\"5 Bedrooms\">\r\n    <i class=\"fa fa-hotel\"><\/i>\r\n    <div class=\"ere__lpi-content\">\r\n        <span class=\"ere__lpi-value\">5<\/span>\r\n        <span class=\"ere__lpi-label\">Bedrooms<\/span>\r\n    <\/div>\r\n<\/div><div class=\"ere__loop-property-info-item property-bathrooms\" data-toggle=\"tooltip\" title=\"5 Bathrooms\">\r\n    <i class=\"fa fa-bath\"><\/i>\r\n    <div class=\"ere__lpi-content\">\r\n        <span class=\"ere__lpi-value\">5<\/span>\r\n        <span class=\"ere__lpi-label\">Bathrooms<\/span>\r\n    <\/div>\r\n<\/div>\r\n    <\/div>\r\n<\/div>\r\n\n\t\t<\/div>\n\t<\/div>\n<\/div>                    <div class=\"ere-item-wrap property-item mg-bottom-30\">\n\t<div class=\"property-inner\">\n        <div class=\"property-image\">\r\n    <img loading=\"lazy\" decoding=\"async\" width=\"330\"\r\n     height=\"180\"\r\n     src=\"https:\/\/lukinski.de\/villa\/wp-content\/uploads\/2022\/02\/villa-ibiza-berg-land-meer-ausen-zu-verkaufen-buy-cw-lukinski-3-330x180.jpg\"\r\n     onerror=\"this.src = 'https:\/\/lukinski.com\/home\/wp-content\/plugins\/essential-real-estate\/public\/assets\/images\/map-marker-icon.png';\"\r\n     alt=\"Ibiza, Spanien &#8211; Wundersch\u00f6ne Oase hoch in den Bergen von Santa Eulalia\"\r\n     title=\"Ibiza, Spanien &#8211; Wundersch\u00f6ne Oase hoch in den Bergen von Santa Eulalia\">\r\n\r\n<div class=\"ere__loop-property-action property-action\">\r\n    <a data-toggle=\"tooltip\"\r\n   title=\"(20) Photos\"\r\n   data-property-id=\"35825\"\r\n   href=\"javascript:void(0)\" class=\"property-view-gallery ere__loop-property_action-item\">\r\n    <i class=\"fa fa-camera\"><\/i>\r\n<\/a>\r\n<a href=\"javascript:void(0)\" class=\"property-favorite ere__loop-property_action-item\" data-property-id=\"35825\"\r\n   data-toggle=\"tooltip\"\r\n   title=\"Add to Favorite\"\r\n   data-title-not-favorite=\"Add to Favorite\"\r\n   data-title-favorited=\"It is my favorite\"\r\n   data-icon-not-favorite=\"fa fa-star-o\"\r\n   data-icon-favorited=\"fa fa-star\">\r\n    <i class=\"fa fa-star-o\"><\/i>\r\n<\/a>\r\n<a class=\"compare-property ere__loop-property_action-item\" href=\"javascript:void(0)\"\r\n   data-property-id=\"35825\" data-toggle=\"tooltip\"\r\n   title=\"Compare\">\r\n    <i class=\"fa fa-plus\"><\/i>\r\n<\/a>\r\n<\/div><div class=\"ere__loop-property-badge ere__lpb-featured-label\">\r\n                    <span class=\"ere__loop-property-badge-item ere__term-label new\">\r\n        <span class=\"ere__lpbi-inner\">\r\n            New        <\/span>\r\n    <\/span>\r\n    <\/div>\r\n<div class=\"ere__loop-property-badge ere__lpb-status\">\r\n                    <span class=\"ere__loop-property-badge-item ere__term-status buy\" >\r\n            <span class=\"ere__lpbi-inner\">\r\n                Buy            <\/span>\r\n        <\/span>\r\n                    <span class=\"ere__loop-property-badge-item ere__term-status new\" >\r\n            <span class=\"ere__lpbi-inner\">\r\n                New            <\/span>\r\n        <\/span>\r\n    <\/div>\r\n<a class=\"property-link\" href=\"https:\/\/lukinski.de\/villa\/property\/ibiza-spanien-oase-bergen-santa-eulalia\/\" title=\"Ibiza, Spanien &#8211; Wundersch\u00f6ne Oase hoch in den Bergen von Santa Eulalia\"><\/a>\r\n<\/div>\r\n\r\n\t\t<div class=\"property-item-content\">\n\t\t\t<div class=\"property-heading\">\n                <h2 class=\"property-title\">\n    <a href=\"https:\/\/lukinski.de\/villa\/property\/ibiza-spanien-oase-bergen-santa-eulalia\/\" title=\"Ibiza, Spanien &#8211; Wundersch\u00f6ne Oase hoch in den Bergen von Santa Eulalia\">Ibiza, Spanien &#8211; Wundersch\u00f6ne Oase hoch in den Bergen von Santa Eulalia<\/a>\n<\/h2>\n    <span class=\"property-price ere__loop-property-price\">\n\t\tPrice on call\t<\/span>\n\t\t\t<\/div>\n            <div class=\"property-location ere__loop-property-location\" title=\"Santa Eulalia, Ibiza\">\n\t<i class=\"fa fa-map-marker\"><\/i>\n\t<a target=\"_blank\" href=\"http:\/\/maps.google.com\/?q=Santa%20Eulalia,%20Ibiza\" rel=\"noopener\"><span>Santa Eulalia, Ibiza<\/span><\/a>\n<\/div>\n<div class=\"property-element-inline\">\r\n    <div class=\"property-type-list\"><i class=\"fa fa-tag\"><\/i><a href=\"https:\/\/lukinski.de\/villa\/property-type\/villa\/\" rel=\"tag\">Villa<\/a><\/div><div class=\"property-date\">\r\n    <i class=\"fa fa-calendar\"><\/i>\r\n     4\u00a0Jahren ago<\/div>\r\n<\/div>\r\n<div class=\"property-excerpt\">\r\n    <p>Luxus-Villa Ibiza mit traumhaften Garten in den Bergen &#8211; Diese wundersch\u00f6ne Villa ist in der N\u00e4he von Santa Eulalia, Ibiza in den Bergen positioniert. Von hier aus sind es nur f\u00fcnf Autominuten zur Stadt. Das gro\u00dfe Grundst\u00fcck in der h\u00f6chsten Position auf dem H\u00fcgel hat einen einzigartigen Blick auf den \u00f6stlichen Teil von Ibiza und [&hellip;]<\/p>\n<\/div>\r\n<div class=\"ere__loop-property-info property-info layout-1\">\r\n    <div class=\"property-info-inner\">\r\n        <div class=\"ere__loop-property-info-item property-area\" data-toggle=\"tooltip\" title=\"Size\">\r\n    <i class=\"fa fa-arrows\"><\/i>\r\n    <div class=\"ere__lpi-content\">\r\n        <span class=\"ere__lpi-value\">5,400 SqFt<\/span>\r\n        <span class=\"ere__lpi-label\">Size<\/span>\r\n    <\/div>\r\n<\/div>\r\n\r\n<div class=\"ere__loop-property-info-item property-bedrooms\" data-toggle=\"tooltip\" title=\"6 Bedrooms\">\r\n    <i class=\"fa fa-hotel\"><\/i>\r\n    <div class=\"ere__lpi-content\">\r\n        <span class=\"ere__lpi-value\">6<\/span>\r\n        <span class=\"ere__lpi-label\">Bedrooms<\/span>\r\n    <\/div>\r\n<\/div><div class=\"ere__loop-property-info-item property-bathrooms\" data-toggle=\"tooltip\" title=\"7 Bathrooms\">\r\n    <i class=\"fa fa-bath\"><\/i>\r\n    <div class=\"ere__lpi-content\">\r\n        <span class=\"ere__lpi-value\">7<\/span>\r\n        <span class=\"ere__lpi-label\">Bathrooms<\/span>\r\n    <\/div>\r\n<\/div>\r\n    <\/div>\r\n<\/div>\r\n\n\t\t<\/div>\n\t<\/div>\n<\/div>                    <div class=\"ere-item-wrap property-item mg-bottom-30\">\n\t<div class=\"property-inner\">\n        <div class=\"property-image\">\r\n    <img loading=\"lazy\" decoding=\"async\" width=\"330\"\r\n     height=\"180\"\r\n     src=\"https:\/\/lukinski.de\/villa\/wp-content\/uploads\/2022\/02\/ibiza-spain-spanien-jesus-on-top-of-a-hill-luxury-luxus-villa-sea-view-meer-aussicht-19-330x180.jpg\"\r\n     onerror=\"this.src = 'https:\/\/lukinski.com\/home\/wp-content\/plugins\/essential-real-estate\/public\/assets\/images\/map-marker-icon.png';\"\r\n     alt=\"Ibiza, Spanien &#8211; Luxus Villa mitten im H\u00fcgel Ibizas\"\r\n     title=\"Ibiza, Spanien &#8211; Luxus Villa mitten im H\u00fcgel Ibizas\">\r\n\r\n<div class=\"ere__loop-property-action property-action\">\r\n    <a data-toggle=\"tooltip\"\r\n   title=\"(18) Photos\"\r\n   data-property-id=\"35807\"\r\n   href=\"javascript:void(0)\" class=\"property-view-gallery ere__loop-property_action-item\">\r\n    <i class=\"fa fa-camera\"><\/i>\r\n<\/a>\r\n<a href=\"javascript:void(0)\" class=\"property-favorite ere__loop-property_action-item\" data-property-id=\"35807\"\r\n   data-toggle=\"tooltip\"\r\n   title=\"Add to Favorite\"\r\n   data-title-not-favorite=\"Add to Favorite\"\r\n   data-title-favorited=\"It is my favorite\"\r\n   data-icon-not-favorite=\"fa fa-star-o\"\r\n   data-icon-favorited=\"fa fa-star\">\r\n    <i class=\"fa fa-star-o\"><\/i>\r\n<\/a>\r\n<a class=\"compare-property ere__loop-property_action-item\" href=\"javascript:void(0)\"\r\n   data-property-id=\"35807\" data-toggle=\"tooltip\"\r\n   title=\"Compare\">\r\n    <i class=\"fa fa-plus\"><\/i>\r\n<\/a>\r\n<\/div><div class=\"ere__loop-property-badge ere__lpb-featured-label\">\r\n                    <span class=\"ere__loop-property-badge-item ere__term-label new\">\r\n        <span class=\"ere__lpbi-inner\">\r\n            New        <\/span>\r\n    <\/span>\r\n    <\/div>\r\n<div class=\"ere__loop-property-badge ere__lpb-status\">\r\n                    <span class=\"ere__loop-property-badge-item ere__term-status buy\" >\r\n            <span class=\"ere__lpbi-inner\">\r\n                Buy            <\/span>\r\n        <\/span>\r\n                    <span class=\"ere__loop-property-badge-item ere__term-status new\" >\r\n            <span class=\"ere__lpbi-inner\">\r\n                New            <\/span>\r\n        <\/span>\r\n    <\/div>\r\n<a class=\"property-link\" href=\"https:\/\/lukinski.de\/villa\/property\/ibiza-spanien-luxus-villa-mitten-huegel-ibizas\/\" title=\"Ibiza, Spanien &#8211; Luxus Villa mitten im H\u00fcgel Ibizas\"><\/a>\r\n<\/div>\r\n\r\n\t\t<div class=\"property-item-content\">\n\t\t\t<div class=\"property-heading\">\n                <h2 class=\"property-title\">\n    <a href=\"https:\/\/lukinski.de\/villa\/property\/ibiza-spanien-luxus-villa-mitten-huegel-ibizas\/\" title=\"Ibiza, Spanien &#8211; Luxus Villa mitten im H\u00fcgel Ibizas\">Ibiza, Spanien &#8211; Luxus Villa mitten im H\u00fcgel Ibizas<\/a>\n<\/h2>\n\t<span class=\"property-price ere__loop-property-price\">\n\t\t\t\t$16,755,225\t\t\t<\/span>\n\t\t\t<\/div>\n            <div class=\"property-location ere__loop-property-location\" title=\"Jesus, Ibiza \">\n\t<i class=\"fa fa-map-marker\"><\/i>\n\t<a target=\"_blank\" href=\"http:\/\/maps.google.com\/?q=Jesus,%20Ibiza%20\" rel=\"noopener\"><span>Jesus, Ibiza <\/span><\/a>\n<\/div>\n<div class=\"property-element-inline\">\r\n    <div class=\"property-type-list\"><i class=\"fa fa-tag\"><\/i><a href=\"https:\/\/lukinski.de\/villa\/property-type\/villa\/\" rel=\"tag\">Villa<\/a><\/div><div class=\"property-date\">\r\n    <i class=\"fa fa-calendar\"><\/i>\r\n     4\u00a0Jahren ago<\/div>\r\n<\/div>\r\n<div class=\"property-excerpt\">\r\n    <p>Villa Ibiza &#8211; Ein Anwesen von dem viele tr\u00e4umen. Diese zum Verkauf stehende Villa bietet einen gigantischen Blick auf das Meer, die Stadt und die Natur. Sie befindet sich Mitten auf einem H\u00fcgel Ibizas und garantiert Unermesslichkeit und Entspannung. Zur\u00fcck zur \u00dcbersicht: Villas Ibiza. Villa, Grundst\u00fcck und Ausstattung Das 900 Quadratmeter gro\u00dfe Anwesen, befindet sich [&hellip;]<\/p>\n<\/div>\r\n<div class=\"ere__loop-property-info property-info layout-1\">\r\n    <div class=\"property-info-inner\">\r\n        <div class=\"ere__loop-property-info-item property-area\" data-toggle=\"tooltip\" title=\"Size\">\r\n    <i class=\"fa fa-arrows\"><\/i>\r\n    <div class=\"ere__lpi-content\">\r\n        <span class=\"ere__lpi-value\">9,687.52 SqFt<\/span>\r\n        <span class=\"ere__lpi-label\">Size<\/span>\r\n    <\/div>\r\n<\/div>\r\n\r\n<div class=\"ere__loop-property-info-item property-bedrooms\" data-toggle=\"tooltip\" title=\"7 Bedrooms\">\r\n    <i class=\"fa fa-hotel\"><\/i>\r\n    <div class=\"ere__lpi-content\">\r\n        <span class=\"ere__lpi-value\">7<\/span>\r\n        <span class=\"ere__lpi-label\">Bedrooms<\/span>\r\n    <\/div>\r\n<\/div><div class=\"ere__loop-property-info-item property-bathrooms\" data-toggle=\"tooltip\" title=\"7 Bathrooms\">\r\n    <i class=\"fa fa-bath\"><\/i>\r\n    <div class=\"ere__lpi-content\">\r\n        <span class=\"ere__lpi-value\">7<\/span>\r\n        <span class=\"ere__lpi-label\">Bathrooms<\/span>\r\n    <\/div>\r\n<\/div>\r\n    <\/div>\r\n<\/div>\r\n\n\t\t<\/div>\n\t<\/div>\n<\/div>                    <div class=\"ere-item-wrap property-item mg-bottom-30\">\n\t<div class=\"property-inner\">\n        <div class=\"property-image\">\r\n    <img loading=\"lazy\" decoding=\"async\" width=\"330\"\r\n     height=\"180\"\r\n     src=\"https:\/\/lukinski.de\/villa\/wp-content\/uploads\/2022\/02\/ibiza-villa-spanien-for-sale-terrasse-pool-sun-schwimmen-rooftop-essen-natur-ausblick-amazing-view-6-1-330x180.jpg\"\r\n     onerror=\"this.src = 'https:\/\/lukinski.com\/home\/wp-content\/plugins\/essential-real-estate\/public\/assets\/images\/map-marker-icon.png';\"\r\n     alt=\"Ibiza, Spanien &#8211; Villa auf dem Berg von Sa Carocca\"\r\n     title=\"Ibiza, Spanien &#8211; Villa auf dem Berg von Sa Carocca\">\r\n\r\n<div class=\"ere__loop-property-action property-action\">\r\n    <a data-toggle=\"tooltip\"\r\n   title=\"(20) Photos\"\r\n   data-property-id=\"35539\"\r\n   href=\"javascript:void(0)\" class=\"property-view-gallery ere__loop-property_action-item\">\r\n    <i class=\"fa fa-camera\"><\/i>\r\n<\/a>\r\n<a href=\"javascript:void(0)\" class=\"property-favorite ere__loop-property_action-item\" data-property-id=\"35539\"\r\n   data-toggle=\"tooltip\"\r\n   title=\"Add to Favorite\"\r\n   data-title-not-favorite=\"Add to Favorite\"\r\n   data-title-favorited=\"It is my favorite\"\r\n   data-icon-not-favorite=\"fa fa-star-o\"\r\n   data-icon-favorited=\"fa fa-star\">\r\n    <i class=\"fa fa-star-o\"><\/i>\r\n<\/a>\r\n<a class=\"compare-property ere__loop-property_action-item\" href=\"javascript:void(0)\"\r\n   data-property-id=\"35539\" data-toggle=\"tooltip\"\r\n   title=\"Compare\">\r\n    <i class=\"fa fa-plus\"><\/i>\r\n<\/a>\r\n<\/div><div class=\"ere__loop-property-badge ere__lpb-featured-label\">\r\n                    <span class=\"ere__loop-property-badge-item ere__term-label new\">\r\n        <span class=\"ere__lpbi-inner\">\r\n            New        <\/span>\r\n    <\/span>\r\n    <\/div>\r\n<div class=\"ere__loop-property-badge ere__lpb-status\">\r\n                    <span class=\"ere__loop-property-badge-item ere__term-status buy\" >\r\n            <span class=\"ere__lpbi-inner\">\r\n                Buy            <\/span>\r\n        <\/span>\r\n                    <span class=\"ere__loop-property-badge-item ere__term-status new\" >\r\n            <span class=\"ere__lpbi-inner\">\r\n                New            <\/span>\r\n        <\/span>\r\n    <\/div>\r\n<a class=\"property-link\" href=\"https:\/\/lukinski.de\/villa\/property\/ibiza-spanien-villa-berg-sa-carocca\/\" title=\"Ibiza, Spanien &#8211; Villa auf dem Berg von Sa Carocca\"><\/a>\r\n<\/div>\r\n\r\n\t\t<div class=\"property-item-content\">\n\t\t\t<div class=\"property-heading\">\n                <h2 class=\"property-title\">\n    <a href=\"https:\/\/lukinski.de\/villa\/property\/ibiza-spanien-villa-berg-sa-carocca\/\" title=\"Ibiza, Spanien &#8211; Villa auf dem Berg von Sa Carocca\">Ibiza, Spanien &#8211; Villa auf dem Berg von Sa Carocca<\/a>\n<\/h2>\n\t<span class=\"property-price ere__loop-property-price\">\n\t\t\t\t$4,500,000\t\t\t<\/span>\n\t\t\t<\/div>\n            <div class=\"property-location ere__loop-property-location\" title=\"Sa Carocca, Ibiza\">\n\t<i class=\"fa fa-map-marker\"><\/i>\n\t<a target=\"_blank\" href=\"http:\/\/maps.google.com\/?q=Sa%20Carocca,%20Ibiza\" rel=\"noopener\"><span>Sa Carocca, Ibiza<\/span><\/a>\n<\/div>\n<div class=\"property-element-inline\">\r\n    <div class=\"property-type-list\"><i class=\"fa fa-tag\"><\/i><a href=\"https:\/\/lukinski.de\/villa\/property-type\/villa\/\" rel=\"tag\">Villa<\/a><\/div><div class=\"property-date\">\r\n    <i class=\"fa fa-calendar\"><\/i>\r\n     4\u00a0Jahren ago<\/div>\r\n<\/div>\r\n<div class=\"property-excerpt\">\r\n    <p>Villa hoch oben auf dem Berg Sa Carocca &#8211; mit einem der sch\u00f6nsten Panoramablicke von ganz Ibiza. Exklusiv und sehr zentral, aber dennoch diskret gelegen, nur wenige Minuten von Ibiza Stadt, Playa d Bossa, dem Hard Rock Hotel und Flughafen, Salinas und Cala Jondal entfernt. Maximale Privatsph\u00e4re bietet die Immobilie durch den Wald, der sie [&hellip;]<\/p>\n<\/div>\r\n<div class=\"ere__loop-property-info property-info layout-1\">\r\n    <div class=\"property-info-inner\">\r\n        <div class=\"ere__loop-property-info-item property-area\" data-toggle=\"tooltip\" title=\"Size\">\r\n    <i class=\"fa fa-arrows\"><\/i>\r\n    <div class=\"ere__lpi-content\">\r\n        <span class=\"ere__lpi-value\">5,400 SqFt<\/span>\r\n        <span class=\"ere__lpi-label\">Size<\/span>\r\n    <\/div>\r\n<\/div>\r\n\r\n<div class=\"ere__loop-property-info-item property-bedrooms\" data-toggle=\"tooltip\" title=\"4 Bedrooms\">\r\n    <i class=\"fa fa-hotel\"><\/i>\r\n    <div class=\"ere__lpi-content\">\r\n        <span class=\"ere__lpi-value\">4<\/span>\r\n        <span class=\"ere__lpi-label\">Bedrooms<\/span>\r\n    <\/div>\r\n<\/div><div class=\"ere__loop-property-info-item property-bathrooms\" data-toggle=\"tooltip\" title=\"4 Bathrooms\">\r\n    <i class=\"fa fa-bath\"><\/i>\r\n    <div class=\"ere__lpi-content\">\r\n        <span class=\"ere__lpi-value\">4<\/span>\r\n        <span class=\"ere__lpi-label\">Bathrooms<\/span>\r\n    <\/div>\r\n<\/div>\r\n    <\/div>\r\n<\/div>\r\n\n\t\t<\/div>\n\t<\/div>\n<\/div>                    <div class=\"ere-item-wrap property-item mg-bottom-30\">\n\t<div class=\"property-inner\">\n        <div class=\"property-image\">\r\n    <img loading=\"lazy\" decoding=\"async\" width=\"330\"\r\n     height=\"180\"\r\n     src=\"https:\/\/lukinski.de\/villa\/wp-content\/uploads\/2022\/02\/ibiza-villa-anwesen-spanien-ausen-zu-verkaufen-buy-garage-tor-swimming-pool-terasse-berg-aussicht-luxus-5-330x180.jpg\"\r\n     onerror=\"this.src = 'https:\/\/lukinski.com\/home\/wp-content\/plugins\/essential-real-estate\/public\/assets\/images\/map-marker-icon.png';\"\r\n     alt=\"Ibiza, Spanien &#8211; Restaurierte Luxus Villa in Cala Moli\"\r\n     title=\"Ibiza, Spanien &#8211; Restaurierte Luxus Villa in Cala Moli\">\r\n\r\n<div class=\"ere__loop-property-action property-action\">\r\n    <a data-toggle=\"tooltip\"\r\n   title=\"(16) Photos\"\r\n   data-property-id=\"35586\"\r\n   href=\"javascript:void(0)\" class=\"property-view-gallery ere__loop-property_action-item\">\r\n    <i class=\"fa fa-camera\"><\/i>\r\n<\/a>\r\n<a href=\"javascript:void(0)\" class=\"property-favorite ere__loop-property_action-item\" data-property-id=\"35586\"\r\n   data-toggle=\"tooltip\"\r\n   title=\"Add to Favorite\"\r\n   data-title-not-favorite=\"Add to Favorite\"\r\n   data-title-favorited=\"It is my favorite\"\r\n   data-icon-not-favorite=\"fa fa-star-o\"\r\n   data-icon-favorited=\"fa fa-star\">\r\n    <i class=\"fa fa-star-o\"><\/i>\r\n<\/a>\r\n<a class=\"compare-property ere__loop-property_action-item\" href=\"javascript:void(0)\"\r\n   data-property-id=\"35586\" data-toggle=\"tooltip\"\r\n   title=\"Compare\">\r\n    <i class=\"fa fa-plus\"><\/i>\r\n<\/a>\r\n<\/div><div class=\"ere__loop-property-badge ere__lpb-featured-label\">\r\n                    <span class=\"ere__loop-property-badge-item ere__term-label new\">\r\n        <span class=\"ere__lpbi-inner\">\r\n            New        <\/span>\r\n    <\/span>\r\n    <\/div>\r\n<div class=\"ere__loop-property-badge ere__lpb-status\">\r\n                    <span class=\"ere__loop-property-badge-item ere__term-status buy\" >\r\n            <span class=\"ere__lpbi-inner\">\r\n                Buy            <\/span>\r\n        <\/span>\r\n                    <span class=\"ere__loop-property-badge-item ere__term-status new\" >\r\n            <span class=\"ere__lpbi-inner\">\r\n                New            <\/span>\r\n        <\/span>\r\n    <\/div>\r\n<a class=\"property-link\" href=\"https:\/\/lukinski.de\/villa\/property\/ibiza-spanien-restaurierte-luxus-villa-cala-moli\/\" title=\"Ibiza, Spanien &#8211; Restaurierte Luxus Villa in Cala Moli\"><\/a>\r\n<\/div>\r\n\r\n\t\t<div class=\"property-item-content\">\n\t\t\t<div class=\"property-heading\">\n                <h2 class=\"property-title\">\n    <a href=\"https:\/\/lukinski.de\/villa\/property\/ibiza-spanien-restaurierte-luxus-villa-cala-moli\/\" title=\"Ibiza, Spanien &#8211; Restaurierte Luxus Villa in Cala Moli\">Ibiza, Spanien &#8211; Restaurierte Luxus Villa in Cala Moli<\/a>\n<\/h2>\n\t<span class=\"property-price ere__loop-property-price\">\n\t\t\t\t$4,133,114\t\t\t<\/span>\n\t\t\t<\/div>\n            <div class=\"property-location ere__loop-property-location\" title=\"Cala Moli, Ibiza\">\n\t<i class=\"fa fa-map-marker\"><\/i>\n\t<a target=\"_blank\" href=\"http:\/\/maps.google.com\/?q=Cala%20Moli,%20Ibiza\" rel=\"noopener\"><span>Cala Moli, Ibiza<\/span><\/a>\n<\/div>\n<div class=\"property-element-inline\">\r\n    <div class=\"property-type-list\"><i class=\"fa fa-tag\"><\/i><a href=\"https:\/\/lukinski.de\/villa\/property-type\/villa\/\" rel=\"tag\">Villa<\/a><\/div><div class=\"property-date\">\r\n    <i class=\"fa fa-calendar\"><\/i>\r\n     4\u00a0Jahren ago<\/div>\r\n<\/div>\r\n<div class=\"property-excerpt\">\r\n    <p>Villa Ibiza &#8211; Dieses restaurierte Anwesen befindet sich in der idyllischen Gegend von Cala Moli und ist in direkter Meerlage. Modernste Architektur verschmilzt mit spanischen Stil. Besonders hervorzuheben ist der alte Garten hinter dem Haupthaus, der einen sofort verzaubert. Zur\u00fcck zur \u00dcbersicht: Villas Ibiza. Villa, Grundst\u00fcck und Ausstattung Dieses Anwesen steht auf einem 2.442 Quadratmeter [&hellip;]<\/p>\n<\/div>\r\n<div class=\"ere__loop-property-info property-info layout-1\">\r\n    <div class=\"property-info-inner\">\r\n        <div class=\"ere__loop-property-info-item property-area\" data-toggle=\"tooltip\" title=\"Size\">\r\n    <i class=\"fa fa-arrows\"><\/i>\r\n    <div class=\"ere__lpi-content\">\r\n        <span class=\"ere__lpi-value\">3,659.73 SqFt<\/span>\r\n        <span class=\"ere__lpi-label\">Size<\/span>\r\n    <\/div>\r\n<\/div>\r\n\r\n<div class=\"ere__loop-property-info-item property-bedrooms\" data-toggle=\"tooltip\" title=\"4 Bedrooms\">\r\n    <i class=\"fa fa-hotel\"><\/i>\r\n    <div class=\"ere__lpi-content\">\r\n        <span class=\"ere__lpi-value\">4<\/span>\r\n        <span class=\"ere__lpi-label\">Bedrooms<\/span>\r\n    <\/div>\r\n<\/div><div class=\"ere__loop-property-info-item property-bathrooms\" data-toggle=\"tooltip\" title=\"4 Bathrooms\">\r\n    <i class=\"fa fa-bath\"><\/i>\r\n    <div class=\"ere__lpi-content\">\r\n        <span class=\"ere__lpi-value\">4<\/span>\r\n        <span class=\"ere__lpi-label\">Bathrooms<\/span>\r\n    <\/div>\r\n<\/div>\r\n    <\/div>\r\n<\/div>\r\n\n\t\t<\/div>\n\t<\/div>\n<\/div>                    <div class=\"ere-item-wrap property-item mg-bottom-30\">\n\t<div class=\"property-inner\">\n        <div class=\"property-image\">\r\n    <img loading=\"lazy\" decoding=\"async\" width=\"330\"\r\n     height=\"180\"\r\n     src=\"https:\/\/lukinski.de\/villa\/wp-content\/uploads\/2022\/02\/ibiza-spanien-spain-can-furnet-holiday-wohnsitz-living-luxury-luxus-villa-pool-swimming-sun-relax-25-330x180.jpg\"\r\n     onerror=\"this.src = 'https:\/\/lukinski.com\/home\/wp-content\/plugins\/essential-real-estate\/public\/assets\/images\/map-marker-icon.png';\"\r\n     alt=\"Ibiza, Spanien &#8211; Moderne Villa im idyllischen Can Furnet\"\r\n     title=\"Ibiza, Spanien &#8211; Moderne Villa im idyllischen Can Furnet\">\r\n\r\n<div class=\"ere__loop-property-action property-action\">\r\n    <a data-toggle=\"tooltip\"\r\n   title=\"(17) Photos\"\r\n   data-property-id=\"35537\"\r\n   href=\"javascript:void(0)\" class=\"property-view-gallery ere__loop-property_action-item\">\r\n    <i class=\"fa fa-camera\"><\/i>\r\n<\/a>\r\n<a href=\"javascript:void(0)\" class=\"property-favorite ere__loop-property_action-item\" data-property-id=\"35537\"\r\n   data-toggle=\"tooltip\"\r\n   title=\"Add to Favorite\"\r\n   data-title-not-favorite=\"Add to Favorite\"\r\n   data-title-favorited=\"It is my favorite\"\r\n   data-icon-not-favorite=\"fa fa-star-o\"\r\n   data-icon-favorited=\"fa fa-star\">\r\n    <i class=\"fa fa-star-o\"><\/i>\r\n<\/a>\r\n<a class=\"compare-property ere__loop-property_action-item\" href=\"javascript:void(0)\"\r\n   data-property-id=\"35537\" data-toggle=\"tooltip\"\r\n   title=\"Compare\">\r\n    <i class=\"fa fa-plus\"><\/i>\r\n<\/a>\r\n<\/div><div class=\"ere__loop-property-badge ere__lpb-featured-label\">\r\n                    <span class=\"ere__loop-property-badge-item ere__term-label new\">\r\n        <span class=\"ere__lpbi-inner\">\r\n            New        <\/span>\r\n    <\/span>\r\n    <\/div>\r\n<div class=\"ere__loop-property-badge ere__lpb-status\">\r\n                    <span class=\"ere__loop-property-badge-item ere__term-status buy\" >\r\n            <span class=\"ere__lpbi-inner\">\r\n                Buy            <\/span>\r\n        <\/span>\r\n                    <span class=\"ere__loop-property-badge-item ere__term-status new\" >\r\n            <span class=\"ere__lpbi-inner\">\r\n                New            <\/span>\r\n        <\/span>\r\n    <\/div>\r\n<a class=\"property-link\" href=\"https:\/\/lukinski.de\/villa\/property\/ibiza-spanien-moderne-villa-idyllischen-can-furnet\/\" title=\"Ibiza, Spanien &#8211; Moderne Villa im idyllischen Can Furnet\"><\/a>\r\n<\/div>\r\n\r\n\t\t<div class=\"property-item-content\">\n\t\t\t<div class=\"property-heading\">\n                <h2 class=\"property-title\">\n    <a href=\"https:\/\/lukinski.de\/villa\/property\/ibiza-spanien-moderne-villa-idyllischen-can-furnet\/\" title=\"Ibiza, Spanien &#8211; Moderne Villa im idyllischen Can Furnet\">Ibiza, Spanien &#8211; Moderne Villa im idyllischen Can Furnet<\/a>\n<\/h2>\n\t<span class=\"property-price ere__loop-property-price\">\n\t\t\t\t$1,584,258\t\t\t<\/span>\n\t\t\t<\/div>\n            <div class=\"property-location ere__loop-property-location\" title=\"San Rafael, Ibiza\">\n\t<i class=\"fa fa-map-marker\"><\/i>\n\t<a target=\"_blank\" href=\"http:\/\/maps.google.com\/?q=San%20Rafael,%20Ibiza\" rel=\"noopener\"><span>San Rafael, Ibiza<\/span><\/a>\n<\/div>\n<div class=\"property-element-inline\">\r\n    <div class=\"property-type-list\"><i class=\"fa fa-tag\"><\/i><a href=\"https:\/\/lukinski.de\/villa\/property-type\/villa\/\" rel=\"tag\">Villa<\/a><\/div><div class=\"property-date\">\r\n    <i class=\"fa fa-calendar\"><\/i>\r\n     4\u00a0Jahren ago<\/div>\r\n<\/div>\r\n<div class=\"property-excerpt\">\r\n    <p>Villa Ibiza &#8211; Das moderne Anwesen, dass sich in der ruhigen Wohnanlagen von Can Furnet befindet ist ein wahres Traumhaus und hat alles zu bieten was man sich nur w\u00fcnscht. Genie\u00dfen Sie Ihr Leben auf dieser traumhaften Anlage. Zur\u00fcck zur \u00dcbersicht: Villas Ibiza. Villa, Grundst\u00fcck und Ausstattung Die Villa wurde aus hochwertigen Materialien gebaut und [&hellip;]<\/p>\n<\/div>\r\n<div class=\"ere__loop-property-info property-info layout-1\">\r\n    <div class=\"property-info-inner\">\r\n        <div class=\"ere__loop-property-info-item property-area\" data-toggle=\"tooltip\" title=\"Size\">\r\n    <i class=\"fa fa-arrows\"><\/i>\r\n    <div class=\"ere__lpi-content\">\r\n        <span class=\"ere__lpi-value\">3,982.65 SqFt<\/span>\r\n        <span class=\"ere__lpi-label\">Size<\/span>\r\n    <\/div>\r\n<\/div>\r\n\r\n<div class=\"ere__loop-property-info-item property-bedrooms\" data-toggle=\"tooltip\" title=\"5 Bedrooms\">\r\n    <i class=\"fa fa-hotel\"><\/i>\r\n    <div class=\"ere__lpi-content\">\r\n        <span class=\"ere__lpi-value\">5<\/span>\r\n        <span class=\"ere__lpi-label\">Bedrooms<\/span>\r\n    <\/div>\r\n<\/div><div class=\"ere__loop-property-info-item property-bathrooms\" data-toggle=\"tooltip\" title=\"5 Bathrooms\">\r\n    <i class=\"fa fa-bath\"><\/i>\r\n    <div class=\"ere__lpi-content\">\r\n        <span class=\"ere__lpi-value\">5<\/span>\r\n        <span class=\"ere__lpi-label\">Bathrooms<\/span>\r\n    <\/div>\r\n<\/div>\r\n    <\/div>\r\n<\/div>\r\n\n\t\t<\/div>\n\t<\/div>\n<\/div>                    <div class=\"ere-item-wrap property-item mg-bottom-30\">\n\t<div class=\"property-inner\">\n        <div class=\"property-image\">\r\n    <img loading=\"lazy\" decoding=\"async\" width=\"330\"\r\n     height=\"180\"\r\n     src=\"https:\/\/lukinski.de\/villa\/wp-content\/uploads\/2022\/02\/ibiza-spanien-spain-pool-villa-anwesen-sun-sonne-urlaub-living-wohnsitz-luxus-luxury-swimmingpool-water-swim-schwimmen-11-330x180.jpg\"\r\n     onerror=\"this.src = 'https:\/\/lukinski.com\/home\/wp-content\/plugins\/essential-real-estate\/public\/assets\/images\/map-marker-icon.png';\"\r\n     alt=\"Ibiza, Spanien &#8211;  Wundersch\u00f6ne Finca im herzen von San Rafael\"\r\n     title=\"Ibiza, Spanien &#8211;  Wundersch\u00f6ne Finca im herzen von San Rafael\">\r\n\r\n<div class=\"ere__loop-property-action property-action\">\r\n    <a data-toggle=\"tooltip\"\r\n   title=\"(17) Photos\"\r\n   data-property-id=\"35526\"\r\n   href=\"javascript:void(0)\" class=\"property-view-gallery ere__loop-property_action-item\">\r\n    <i class=\"fa fa-camera\"><\/i>\r\n<\/a>\r\n<a href=\"javascript:void(0)\" class=\"property-favorite ere__loop-property_action-item\" data-property-id=\"35526\"\r\n   data-toggle=\"tooltip\"\r\n   title=\"Add to Favorite\"\r\n   data-title-not-favorite=\"Add to Favorite\"\r\n   data-title-favorited=\"It is my favorite\"\r\n   data-icon-not-favorite=\"fa fa-star-o\"\r\n   data-icon-favorited=\"fa fa-star\">\r\n    <i class=\"fa fa-star-o\"><\/i>\r\n<\/a>\r\n<a class=\"compare-property ere__loop-property_action-item\" href=\"javascript:void(0)\"\r\n   data-property-id=\"35526\" data-toggle=\"tooltip\"\r\n   title=\"Compare\">\r\n    <i class=\"fa fa-plus\"><\/i>\r\n<\/a>\r\n<\/div><div class=\"ere__loop-property-badge ere__lpb-featured-label\">\r\n                    <span class=\"ere__loop-property-badge-item ere__term-label new\">\r\n        <span class=\"ere__lpbi-inner\">\r\n            New        <\/span>\r\n    <\/span>\r\n    <\/div>\r\n<div class=\"ere__loop-property-badge ere__lpb-status\">\r\n                    <span class=\"ere__loop-property-badge-item ere__term-status buy\" >\r\n            <span class=\"ere__lpbi-inner\">\r\n                Buy            <\/span>\r\n        <\/span>\r\n                    <span class=\"ere__loop-property-badge-item ere__term-status new\" >\r\n            <span class=\"ere__lpbi-inner\">\r\n                New            <\/span>\r\n        <\/span>\r\n    <\/div>\r\n<a class=\"property-link\" href=\"https:\/\/lukinski.de\/villa\/property\/ibiza-spanien-wunderschoene-finca-herzen-san-rafael\/\" title=\"Ibiza, Spanien &#8211;  Wundersch\u00f6ne Finca im herzen von San Rafael\"><\/a>\r\n<\/div>\r\n\r\n\t\t<div class=\"property-item-content\">\n\t\t\t<div class=\"property-heading\">\n                <h2 class=\"property-title\">\n    <a href=\"https:\/\/lukinski.de\/villa\/property\/ibiza-spanien-wunderschoene-finca-herzen-san-rafael\/\" title=\"Ibiza, Spanien &#8211;  Wundersch\u00f6ne Finca im herzen von San Rafael\">Ibiza, Spanien &#8211;  Wundersch\u00f6ne Finca im herzen von San Rafael<\/a>\n<\/h2>\n\t<span class=\"property-price ere__loop-property-price\">\n\t\t\t\t$5,222,610\t\t\t<\/span>\n\t\t\t<\/div>\n            <div class=\"property-location ere__loop-property-location\" title=\"San Rafael, Ibiza\">\n\t<i class=\"fa fa-map-marker\"><\/i>\n\t<a target=\"_blank\" href=\"http:\/\/maps.google.com\/?q=San%20Rafael,%20Ibiza\" rel=\"noopener\"><span>San Rafael, Ibiza<\/span><\/a>\n<\/div>\n<div class=\"property-element-inline\">\r\n    <div class=\"property-type-list\"><i class=\"fa fa-tag\"><\/i><a href=\"https:\/\/lukinski.de\/villa\/property-type\/villa\/\" rel=\"tag\">Villa<\/a><\/div><div class=\"property-date\">\r\n    <i class=\"fa fa-calendar\"><\/i>\r\n     4\u00a0Jahren ago<\/div>\r\n<\/div>\r\n<div class=\"property-excerpt\">\r\n    <p>Villa Ibiza &#8211; Atemberaubende Villa auf einem riesigem Grundst\u00fcck in der l\u00e4ndlichen Gegend von San Rafael. Ein Anwesen, dass neu renoviert wurde, und trotzdem den typischen spanischen Flair beibehalten hat. Sch\u00f6ne Tage sind in diesem Anwesen garantiert. Zur\u00fcck zur \u00dcbersicht: Villas Ibiza. Villa, Grundst\u00fcck und Ausstattung Das Anwesen mit einer Wohnfl\u00e4che von 370 Quadratmeter befindet [&hellip;]<\/p>\n<\/div>\r\n<div class=\"ere__loop-property-info property-info layout-1\">\r\n    <div class=\"property-info-inner\">\r\n        <div class=\"ere__loop-property-info-item property-area\" data-toggle=\"tooltip\" title=\"Size\">\r\n    <i class=\"fa fa-arrows\"><\/i>\r\n    <div class=\"ere__lpi-content\">\r\n        <span class=\"ere__lpi-value\">3,982.65 SqFt<\/span>\r\n        <span class=\"ere__lpi-label\">Size<\/span>\r\n    <\/div>\r\n<\/div>\r\n\r\n<div class=\"ere__loop-property-info-item property-bedrooms\" data-toggle=\"tooltip\" title=\"6 Bedrooms\">\r\n    <i class=\"fa fa-hotel\"><\/i>\r\n    <div class=\"ere__lpi-content\">\r\n        <span class=\"ere__lpi-value\">6<\/span>\r\n        <span class=\"ere__lpi-label\">Bedrooms<\/span>\r\n    <\/div>\r\n<\/div><div class=\"ere__loop-property-info-item property-bathrooms\" data-toggle=\"tooltip\" title=\"6 Bathrooms\">\r\n    <i class=\"fa fa-bath\"><\/i>\r\n    <div class=\"ere__lpi-content\">\r\n        <span class=\"ere__lpi-value\">6<\/span>\r\n        <span class=\"ere__lpi-label\">Bathrooms<\/span>\r\n    <\/div>\r\n<\/div>\r\n    <\/div>\r\n<\/div>\r\n\n\t\t<\/div>\n\t<\/div>\n<\/div>                    <div class=\"ere-item-wrap property-item mg-bottom-30\">\n\t<div class=\"property-inner\">\n        <div class=\"property-image\">\r\n    <img loading=\"lazy\" decoding=\"async\" width=\"330\"\r\n     height=\"180\"\r\n     src=\"https:\/\/lukinski.de\/villa\/wp-content\/uploads\/2022\/02\/ibiza-spanien-spain-urlaub-holiday-wohnen-living-luxus-luxury-cala-llonga-21-330x180.jpg\"\r\n     onerror=\"this.src = 'https:\/\/lukinski.com\/home\/wp-content\/plugins\/essential-real-estate\/public\/assets\/images\/map-marker-icon.png';\"\r\n     alt=\"Ibiza, Spanien &#8211; Sch\u00f6ne Villa in Strandn\u00e4he mit gro\u00dfem Pool in Cala llonga\"\r\n     title=\"Ibiza, Spanien &#8211; Sch\u00f6ne Villa in Strandn\u00e4he mit gro\u00dfem Pool in Cala llonga\">\r\n\r\n<div class=\"ere__loop-property-action property-action\">\r\n    <a data-toggle=\"tooltip\"\r\n   title=\"(18) Photos\"\r\n   data-property-id=\"33603\"\r\n   href=\"javascript:void(0)\" class=\"property-view-gallery ere__loop-property_action-item\">\r\n    <i class=\"fa fa-camera\"><\/i>\r\n<\/a>\r\n<a href=\"javascript:void(0)\" class=\"property-favorite ere__loop-property_action-item\" data-property-id=\"33603\"\r\n   data-toggle=\"tooltip\"\r\n   title=\"Add to Favorite\"\r\n   data-title-not-favorite=\"Add to Favorite\"\r\n   data-title-favorited=\"It is my favorite\"\r\n   data-icon-not-favorite=\"fa fa-star-o\"\r\n   data-icon-favorited=\"fa fa-star\">\r\n    <i class=\"fa fa-star-o\"><\/i>\r\n<\/a>\r\n<a class=\"compare-property ere__loop-property_action-item\" href=\"javascript:void(0)\"\r\n   data-property-id=\"33603\" data-toggle=\"tooltip\"\r\n   title=\"Compare\">\r\n    <i class=\"fa fa-plus\"><\/i>\r\n<\/a>\r\n<\/div><div class=\"ere__loop-property-badge ere__lpb-featured-label\">\r\n                    <span class=\"ere__loop-property-badge-item ere__term-label new\">\r\n        <span class=\"ere__lpbi-inner\">\r\n            New        <\/span>\r\n    <\/span>\r\n    <\/div>\r\n<div class=\"ere__loop-property-badge ere__lpb-status\">\r\n                    <span class=\"ere__loop-property-badge-item ere__term-status buy\" >\r\n            <span class=\"ere__lpbi-inner\">\r\n                Buy            <\/span>\r\n        <\/span>\r\n                    <span class=\"ere__loop-property-badge-item ere__term-status new\" >\r\n            <span class=\"ere__lpbi-inner\">\r\n                New            <\/span>\r\n        <\/span>\r\n    <\/div>\r\n<a class=\"property-link\" href=\"https:\/\/lukinski.de\/villa\/property\/ibiza-spanien-villa-strandnaehe-pool-cala-llonga\/\" title=\"Ibiza, Spanien &#8211; Sch\u00f6ne Villa in Strandn\u00e4he mit gro\u00dfem Pool in Cala llonga\"><\/a>\r\n<\/div>\r\n\r\n\t\t<div class=\"property-item-content\">\n\t\t\t<div class=\"property-heading\">\n                <h2 class=\"property-title\">\n    <a href=\"https:\/\/lukinski.de\/villa\/property\/ibiza-spanien-villa-strandnaehe-pool-cala-llonga\/\" title=\"Ibiza, Spanien &#8211; Sch\u00f6ne Villa in Strandn\u00e4he mit gro\u00dfem Pool in Cala llonga\">Ibiza, Spanien &#8211; Sch\u00f6ne Villa in Strandn\u00e4he mit gro\u00dfem Pool in Cala llonga<\/a>\n<\/h2>\n\t<span class=\"property-price ere__loop-property-price\">\n\t\t\t\t$1,180,000\t\t\t<\/span>\n\t\t\t<\/div>\n            <div class=\"property-location ere__loop-property-location\" title=\"Cala llonga, Ibiza\">\n\t<i class=\"fa fa-map-marker\"><\/i>\n\t<a target=\"_blank\" href=\"http:\/\/maps.google.com\/?q=Cala%20llonga,%20Ibiza\" rel=\"noopener\"><span>Cala llonga, Ibiza<\/span><\/a>\n<\/div>\n<div class=\"property-element-inline\">\r\n    <div class=\"property-type-list\"><i class=\"fa fa-tag\"><\/i><a href=\"https:\/\/lukinski.de\/villa\/property-type\/villa\/\" rel=\"tag\">Villa<\/a><\/div><div class=\"property-date\">\r\n    <i class=\"fa fa-calendar\"><\/i>\r\n     4\u00a0Jahren ago<\/div>\r\n<\/div>\r\n<div class=\"property-excerpt\">\r\n    <p>Villa Ibiza &#8211; Gepflegte Villa perfekt f\u00fcr Familien &#8211; nur wenige Gehminuten vom Strand von Cala llonga und 10 Minuten von Ibiza-Stadt entfernt. Zur\u00fcck zur \u00dcbersicht: Villas Ibiza. Villa, Grundst\u00fcck und Ausstattung Das 180 m\u00b2 Haus hat drei Schlafzimmer, ein ger\u00e4umiges Wohnzimmer, K\u00fcche und einen gro\u00dfen Garten mit Pool. Im Erdgeschoss liegt das Wohnzimmer mit [&hellip;]<\/p>\n<\/div>\r\n<div class=\"ere__loop-property-info property-info layout-1\">\r\n    <div class=\"property-info-inner\">\r\n        <div class=\"ere__loop-property-info-item property-area\" data-toggle=\"tooltip\" title=\"Size\">\r\n    <i class=\"fa fa-arrows\"><\/i>\r\n    <div class=\"ere__lpi-content\">\r\n        <span class=\"ere__lpi-value\">1,940 SqFt<\/span>\r\n        <span class=\"ere__lpi-label\">Size<\/span>\r\n    <\/div>\r\n<\/div>\r\n\r\n<div class=\"ere__loop-property-info-item property-bedrooms\" data-toggle=\"tooltip\" title=\"3 Bedrooms\">\r\n    <i class=\"fa fa-hotel\"><\/i>\r\n    <div class=\"ere__lpi-content\">\r\n        <span class=\"ere__lpi-value\">3<\/span>\r\n        <span class=\"ere__lpi-label\">Bedrooms<\/span>\r\n    <\/div>\r\n<\/div><div class=\"ere__loop-property-info-item property-bathrooms\" data-toggle=\"tooltip\" title=\"3 Bathrooms\">\r\n    <i class=\"fa fa-bath\"><\/i>\r\n    <div class=\"ere__lpi-content\">\r\n        <span class=\"ere__lpi-value\">3<\/span>\r\n        <span class=\"ere__lpi-label\">Bathrooms<\/span>\r\n    <\/div>\r\n<\/div>\r\n    <\/div>\r\n<\/div>\r\n\n\t\t<\/div>\n\t<\/div>\n<\/div>                    <div class=\"ere-item-wrap property-item mg-bottom-30\">\n\t<div class=\"property-inner\">\n        <div class=\"property-image\">\r\n    <img loading=\"lazy\" decoding=\"async\" width=\"330\"\r\n     height=\"180\"\r\n     src=\"https:\/\/lukinski.de\/villa\/wp-content\/uploads\/2022\/02\/24-ibiza-villa-tennisplatz-luxus-pool-sonnenuntergang-zu-verkaufen-umgebung-landschaft-natur-garten-terrasse-ausblick-chill-out-area-28-330x180.jpg\"\r\n     onerror=\"this.src = 'https:\/\/lukinski.com\/home\/wp-content\/plugins\/essential-real-estate\/public\/assets\/images\/map-marker-icon.png';\"\r\n     alt=\"Ibiza, Spanien &#8211; Luxuri\u00f6se Villa mit direkter Meerlage in Cala Salada\"\r\n     title=\"Ibiza, Spanien &#8211; Luxuri\u00f6se Villa mit direkter Meerlage in Cala Salada\">\r\n\r\n<div class=\"ere__loop-property-action property-action\">\r\n    <a data-toggle=\"tooltip\"\r\n   title=\"(18) Photos\"\r\n   data-property-id=\"33498\"\r\n   href=\"javascript:void(0)\" class=\"property-view-gallery ere__loop-property_action-item\">\r\n    <i class=\"fa fa-camera\"><\/i>\r\n<\/a>\r\n<a href=\"javascript:void(0)\" class=\"property-favorite ere__loop-property_action-item\" data-property-id=\"33498\"\r\n   data-toggle=\"tooltip\"\r\n   title=\"Add to Favorite\"\r\n   data-title-not-favorite=\"Add to Favorite\"\r\n   data-title-favorited=\"It is my favorite\"\r\n   data-icon-not-favorite=\"fa fa-star-o\"\r\n   data-icon-favorited=\"fa fa-star\">\r\n    <i class=\"fa fa-star-o\"><\/i>\r\n<\/a>\r\n<a class=\"compare-property ere__loop-property_action-item\" href=\"javascript:void(0)\"\r\n   data-property-id=\"33498\" data-toggle=\"tooltip\"\r\n   title=\"Compare\">\r\n    <i class=\"fa fa-plus\"><\/i>\r\n<\/a>\r\n<\/div><div class=\"ere__loop-property-badge ere__lpb-featured-label\">\r\n                    <span class=\"ere__loop-property-badge-item ere__term-label new\">\r\n        <span class=\"ere__lpbi-inner\">\r\n            New        <\/span>\r\n    <\/span>\r\n    <\/div>\r\n<div class=\"ere__loop-property-badge ere__lpb-status\">\r\n                    <span class=\"ere__loop-property-badge-item ere__term-status buy\" >\r\n            <span class=\"ere__lpbi-inner\">\r\n                Buy            <\/span>\r\n        <\/span>\r\n                    <span class=\"ere__loop-property-badge-item ere__term-status new\" >\r\n            <span class=\"ere__lpbi-inner\">\r\n                New            <\/span>\r\n        <\/span>\r\n    <\/div>\r\n<a class=\"property-link\" href=\"https:\/\/lukinski.de\/villa\/property\/ibiza-spanien-luxurioese-villa-direkter-meerlage-cala-salada\/\" title=\"Ibiza, Spanien &#8211; Luxuri\u00f6se Villa mit direkter Meerlage in Cala Salada\"><\/a>\r\n<\/div>\r\n\r\n\t\t<div class=\"property-item-content\">\n\t\t\t<div class=\"property-heading\">\n                <h2 class=\"property-title\">\n    <a href=\"https:\/\/lukinski.de\/villa\/property\/ibiza-spanien-luxurioese-villa-direkter-meerlage-cala-salada\/\" title=\"Ibiza, Spanien &#8211; Luxuri\u00f6se Villa mit direkter Meerlage in Cala Salada\">Ibiza, Spanien &#8211; Luxuri\u00f6se Villa mit direkter Meerlage in Cala Salada<\/a>\n<\/h2>\n\t<span class=\"property-price ere__loop-property-price\">\n\t\t\t\t$3,870,764\t\t\t<\/span>\n\t\t\t<\/div>\n            <div class=\"property-location ere__loop-property-location\" title=\"Cala Salada, Ibiza\">\n\t<i class=\"fa fa-map-marker\"><\/i>\n\t<a target=\"_blank\" href=\"http:\/\/maps.google.com\/?q=Cala%20Salada,%20Ibiza\" rel=\"noopener\"><span>Cala Salada, Ibiza<\/span><\/a>\n<\/div>\n<div class=\"property-element-inline\">\r\n    <div class=\"property-type-list\"><i class=\"fa fa-tag\"><\/i><a href=\"https:\/\/lukinski.de\/villa\/property-type\/villa\/\" rel=\"tag\">Villa<\/a><\/div><div class=\"property-date\">\r\n    <i class=\"fa fa-calendar\"><\/i>\r\n     4\u00a0Jahren ago<\/div>\r\n<\/div>\r\n<div class=\"property-excerpt\">\r\n    <p>Villa Ibiza &#8211; Villa in duftenden Pinienh\u00fcgeln von Calla Salada &#8211; Ein Anwesen, dass keine W\u00fcnsche offen l\u00e4sst. Atemberaubender Meerblick und einzigartiger Blick auf den Sonnenuntergang. Die Villa ist umgeben von den kleinen Inseln Espiartar, Conejero, und Ses Illes Blede. Sie verf\u00fcgt \u00fcber insgesamt sechs Schlafzimmern, sieben B\u00e4der und f\u00fcnf davon haben eine eigene Terrasse [&hellip;]<\/p>\n<\/div>\r\n<div class=\"ere__loop-property-info property-info layout-1\">\r\n    <div class=\"property-info-inner\">\r\n        <div class=\"ere__loop-property-info-item property-area\" data-toggle=\"tooltip\" title=\"Size\">\r\n    <i class=\"fa fa-arrows\"><\/i>\r\n    <div class=\"ere__lpi-content\">\r\n        <span class=\"ere__lpi-value\">5,381.96 SqFt<\/span>\r\n        <span class=\"ere__lpi-label\">Size<\/span>\r\n    <\/div>\r\n<\/div>\r\n\r\n<div class=\"ere__loop-property-info-item property-bedrooms\" data-toggle=\"tooltip\" title=\"6 Bedrooms\">\r\n    <i class=\"fa fa-hotel\"><\/i>\r\n    <div class=\"ere__lpi-content\">\r\n        <span class=\"ere__lpi-value\">6<\/span>\r\n        <span class=\"ere__lpi-label\">Bedrooms<\/span>\r\n    <\/div>\r\n<\/div><div class=\"ere__loop-property-info-item property-bathrooms\" data-toggle=\"tooltip\" title=\"7 Bathrooms\">\r\n    <i class=\"fa fa-bath\"><\/i>\r\n    <div class=\"ere__lpi-content\">\r\n        <span class=\"ere__lpi-value\">7<\/span>\r\n        <span class=\"ere__lpi-label\">Bathrooms<\/span>\r\n    <\/div>\r\n<\/div>\r\n    <\/div>\r\n<\/div>\r\n\n\t\t<\/div>\n\t<\/div>\n<\/div>                    <div class=\"ere-item-wrap property-item mg-bottom-30\">\n\t<div class=\"property-inner\">\n        <div class=\"property-image\">\r\n    <img loading=\"lazy\" decoding=\"async\" width=\"330\"\r\n     height=\"180\"\r\n     src=\"https:\/\/lukinski.de\/villa\/wp-content\/uploads\/2022\/02\/ibiza-spanien-spain-kaufen-buy-neu-new-urlaub-holiday-wohnen-villa-luxus-luxury-pool-swimming-1-330x180.jpg\"\r\n     onerror=\"this.src = 'https:\/\/lukinski.com\/home\/wp-content\/plugins\/essential-real-estate\/public\/assets\/images\/map-marker-icon.png';\"\r\n     alt=\"Ibiza, Spanien &#8211; Einheimische Villa zum wohlf\u00fchlen in Cala Vadella\"\r\n     title=\"Ibiza, Spanien &#8211; Einheimische Villa zum wohlf\u00fchlen in Cala Vadella\">\r\n\r\n<div class=\"ere__loop-property-action property-action\">\r\n    <a data-toggle=\"tooltip\"\r\n   title=\"(8) Photos\"\r\n   data-property-id=\"33493\"\r\n   href=\"javascript:void(0)\" class=\"property-view-gallery ere__loop-property_action-item\">\r\n    <i class=\"fa fa-camera\"><\/i>\r\n<\/a>\r\n<a href=\"javascript:void(0)\" class=\"property-favorite ere__loop-property_action-item\" data-property-id=\"33493\"\r\n   data-toggle=\"tooltip\"\r\n   title=\"Add to Favorite\"\r\n   data-title-not-favorite=\"Add to Favorite\"\r\n   data-title-favorited=\"It is my favorite\"\r\n   data-icon-not-favorite=\"fa fa-star-o\"\r\n   data-icon-favorited=\"fa fa-star\">\r\n    <i class=\"fa fa-star-o\"><\/i>\r\n<\/a>\r\n<a class=\"compare-property ere__loop-property_action-item\" href=\"javascript:void(0)\"\r\n   data-property-id=\"33493\" data-toggle=\"tooltip\"\r\n   title=\"Compare\">\r\n    <i class=\"fa fa-plus\"><\/i>\r\n<\/a>\r\n<\/div><div class=\"ere__loop-property-badge ere__lpb-featured-label\">\r\n                    <span class=\"ere__loop-property-badge-item ere__term-label new\">\r\n        <span class=\"ere__lpbi-inner\">\r\n            New        <\/span>\r\n    <\/span>\r\n    <\/div>\r\n<div class=\"ere__loop-property-badge ere__lpb-status\">\r\n                    <span class=\"ere__loop-property-badge-item ere__term-status buy\" >\r\n            <span class=\"ere__lpbi-inner\">\r\n                Buy            <\/span>\r\n        <\/span>\r\n                    <span class=\"ere__loop-property-badge-item ere__term-status new\" >\r\n            <span class=\"ere__lpbi-inner\">\r\n                New            <\/span>\r\n        <\/span>\r\n    <\/div>\r\n<a class=\"property-link\" href=\"https:\/\/lukinski.de\/villa\/property\/ibiza-spanien-einheimische-villa-zum-wohlfuehlen-in-cala-vadella-e-3-900-000\/\" title=\"Ibiza, Spanien &#8211; Einheimische Villa zum wohlf\u00fchlen in Cala Vadella\"><\/a>\r\n<\/div>\r\n\r\n\t\t<div class=\"property-item-content\">\n\t\t\t<div class=\"property-heading\">\n                <h2 class=\"property-title\">\n    <a href=\"https:\/\/lukinski.de\/villa\/property\/ibiza-spanien-einheimische-villa-zum-wohlfuehlen-in-cala-vadella-e-3-900-000\/\" title=\"Ibiza, Spanien &#8211; Einheimische Villa zum wohlf\u00fchlen in Cala Vadella\">Ibiza, Spanien &#8211; Einheimische Villa zum wohlf\u00fchlen in Cala Vadella<\/a>\n<\/h2>\n\t<span class=\"property-price ere__loop-property-price\">\n\t\t\t\t$4,424,984\t\t\t<\/span>\n\t\t\t<\/div>\n            <div class=\"property-location ere__loop-property-location\" title=\"Cala Vadella, Ibiza\">\n\t<i class=\"fa fa-map-marker\"><\/i>\n\t<a target=\"_blank\" href=\"http:\/\/maps.google.com\/?q=Cala%20Vadella,%20Ibiza\" rel=\"noopener\"><span>Cala Vadella, Ibiza<\/span><\/a>\n<\/div>\n<div class=\"property-element-inline\">\r\n    <div class=\"property-type-list\"><i class=\"fa fa-tag\"><\/i><a href=\"https:\/\/lukinski.de\/villa\/property-type\/villa\/\" rel=\"tag\">Villa<\/a><\/div><div class=\"property-date\">\r\n    <i class=\"fa fa-calendar\"><\/i>\r\n     4\u00a0Jahren ago<\/div>\r\n<\/div>\r\n<div class=\"property-excerpt\">\r\n    <p>Villa Ibiza &#8211; Sie sind auf der Suche nach einer Wohlf\u00fchloase f\u00fcr die ganze Familie? Dann ist diese Villa genau das richtige f\u00fcr Sie. Dieses Anwesen ist wie gemacht f\u00fcr gro\u00dfe Familien und die direkte Meerlage macht das Eigentum richtig besonders. Diese Anlage garantiert unvergessliche Sommertage. Zur\u00fcck zur \u00dcbersicht: Villas Ibiza. Villa, Grundst\u00fcck und Ausstattung [&hellip;]<\/p>\n<\/div>\r\n<div class=\"ere__loop-property-info property-info layout-1\">\r\n    <div class=\"property-info-inner\">\r\n        <div class=\"ere__loop-property-info-item property-area\" data-toggle=\"tooltip\" title=\"Size\">\r\n    <i class=\"fa fa-arrows\"><\/i>\r\n    <div class=\"ere__lpi-content\">\r\n        <span class=\"ere__lpi-value\">14,262.18 SqFt<\/span>\r\n        <span class=\"ere__lpi-label\">Size<\/span>\r\n    <\/div>\r\n<\/div>\r\n\r\n<div class=\"ere__loop-property-info-item property-bedrooms\" data-toggle=\"tooltip\" title=\"13 Bedrooms\">\r\n    <i class=\"fa fa-hotel\"><\/i>\r\n    <div class=\"ere__lpi-content\">\r\n        <span class=\"ere__lpi-value\">13<\/span>\r\n        <span class=\"ere__lpi-label\">Bedrooms<\/span>\r\n    <\/div>\r\n<\/div><div class=\"ere__loop-property-info-item property-bathrooms\" data-toggle=\"tooltip\" title=\"13 Bathrooms\">\r\n    <i class=\"fa fa-bath\"><\/i>\r\n    <div class=\"ere__lpi-content\">\r\n        <span class=\"ere__lpi-value\">13<\/span>\r\n        <span class=\"ere__lpi-label\">Bathrooms<\/span>\r\n    <\/div>\r\n<\/div>\r\n    <\/div>\r\n<\/div>\r\n\n\t\t<\/div>\n\t<\/div>\n<\/div>                    <div class=\"ere-item-wrap property-item mg-bottom-30\">\n\t<div class=\"property-inner\">\n        <div class=\"property-image\">\r\n    <img loading=\"lazy\" decoding=\"async\" width=\"330\"\r\n     height=\"180\"\r\n     src=\"https:\/\/lukinski.de\/villa\/wp-content\/uploads\/2022\/02\/19-ibiza-villa-zu-verkaufen-neu-pool-rooftop-modern-luxus-13-330x180.jpg\"\r\n     onerror=\"this.src = 'https:\/\/lukinski.com\/home\/wp-content\/plugins\/essential-real-estate\/public\/assets\/images\/map-marker-icon.png';\"\r\n     alt=\"Ibiza, Spanien &#8211; Atemberaubende Villa mit einzigartigem Meerblick in Can Rimbau\"\r\n     title=\"Ibiza, Spanien &#8211; Atemberaubende Villa mit einzigartigem Meerblick in Can Rimbau\">\r\n\r\n<div class=\"ere__loop-property-action property-action\">\r\n    <a data-toggle=\"tooltip\"\r\n   title=\"(17) Photos\"\r\n   data-property-id=\"33466\"\r\n   href=\"javascript:void(0)\" class=\"property-view-gallery ere__loop-property_action-item\">\r\n    <i class=\"fa fa-camera\"><\/i>\r\n<\/a>\r\n<a href=\"javascript:void(0)\" class=\"property-favorite ere__loop-property_action-item\" data-property-id=\"33466\"\r\n   data-toggle=\"tooltip\"\r\n   title=\"Add to Favorite\"\r\n   data-title-not-favorite=\"Add to Favorite\"\r\n   data-title-favorited=\"It is my favorite\"\r\n   data-icon-not-favorite=\"fa fa-star-o\"\r\n   data-icon-favorited=\"fa fa-star\">\r\n    <i class=\"fa fa-star-o\"><\/i>\r\n<\/a>\r\n<a class=\"compare-property ere__loop-property_action-item\" href=\"javascript:void(0)\"\r\n   data-property-id=\"33466\" data-toggle=\"tooltip\"\r\n   title=\"Compare\">\r\n    <i class=\"fa fa-plus\"><\/i>\r\n<\/a>\r\n<\/div><div class=\"ere__loop-property-badge ere__lpb-featured-label\">\r\n                    <span class=\"ere__loop-property-badge-item ere__term-label new\">\r\n        <span class=\"ere__lpbi-inner\">\r\n            New        <\/span>\r\n    <\/span>\r\n    <\/div>\r\n<div class=\"ere__loop-property-badge ere__lpb-status\">\r\n                    <span class=\"ere__loop-property-badge-item ere__term-status buy\" >\r\n            <span class=\"ere__lpbi-inner\">\r\n                Buy            <\/span>\r\n        <\/span>\r\n                    <span class=\"ere__loop-property-badge-item ere__term-status new\" >\r\n            <span class=\"ere__lpbi-inner\">\r\n                New            <\/span>\r\n        <\/span>\r\n    <\/div>\r\n<a class=\"property-link\" href=\"https:\/\/lukinski.de\/villa\/property\/ibiza-spanien-atemberaubende-villa-einzigartigem-meerblick-can-rimbau\/\" title=\"Ibiza, Spanien &#8211; Atemberaubende Villa mit einzigartigem Meerblick in Can Rimbau\"><\/a>\r\n<\/div>\r\n\r\n\t\t<div class=\"property-item-content\">\n\t\t\t<div class=\"property-heading\">\n                <h2 class=\"property-title\">\n    <a href=\"https:\/\/lukinski.de\/villa\/property\/ibiza-spanien-atemberaubende-villa-einzigartigem-meerblick-can-rimbau\/\" title=\"Ibiza, Spanien &#8211; Atemberaubende Villa mit einzigartigem Meerblick in Can Rimbau\">Ibiza, Spanien &#8211; Atemberaubende Villa mit einzigartigem Meerblick in Can Rimbau<\/a>\n<\/h2>\n\t<span class=\"property-price ere__loop-property-price\">\n\t\t\t\t$5,504,703\t\t\t<\/span>\n\t\t\t<\/div>\n            <div class=\"property-location ere__loop-property-location\" title=\"Can Rimbau, Ibiza\">\n\t<i class=\"fa fa-map-marker\"><\/i>\n\t<a target=\"_blank\" href=\"http:\/\/maps.google.com\/?q=Can%20Rimbau,%20Ibiza\" rel=\"noopener\"><span>Can Rimbau, Ibiza<\/span><\/a>\n<\/div>\n<div class=\"property-element-inline\">\r\n    <div class=\"property-type-list\"><i class=\"fa fa-tag\"><\/i><a href=\"https:\/\/lukinski.de\/villa\/property-type\/villa\/\" rel=\"tag\">Villa<\/a><\/div><div class=\"property-date\">\r\n    <i class=\"fa fa-calendar\"><\/i>\r\n     4\u00a0Jahren ago<\/div>\r\n<\/div>\r\n<div class=\"property-excerpt\">\r\n    <p>Villa Ibiza &#8211; Eine Villa in Can Rimbau zum verlieben &#8211; Luxusimmobilie mit Blick auf die Stadt und das Meer, in nur wenigen Minuten ist man am Strand. Diese wirklich einzigartige Villa liegt in direkter N\u00e4he von Marina Botafoch und dem Strand Talamanca. Designer Ibermaison hat die Villa\u00a0 clean und luxuri\u00f6s gestaltet, drei helle Zimmer [&hellip;]<\/p>\n<\/div>\r\n<div class=\"ere__loop-property-info property-info layout-1\">\r\n    <div class=\"property-info-inner\">\r\n        <div class=\"ere__loop-property-info-item property-area\" data-toggle=\"tooltip\" title=\"Size\">\r\n    <i class=\"fa fa-arrows\"><\/i>\r\n    <div class=\"ere__lpi-content\">\r\n        <span class=\"ere__lpi-value\">4,854.52 SqFt<\/span>\r\n        <span class=\"ere__lpi-label\">Size<\/span>\r\n    <\/div>\r\n<\/div>\r\n\r\n<div class=\"ere__loop-property-info-item property-bedrooms\" data-toggle=\"tooltip\" title=\"6 Bedrooms\">\r\n    <i class=\"fa fa-hotel\"><\/i>\r\n    <div class=\"ere__lpi-content\">\r\n        <span class=\"ere__lpi-value\">6<\/span>\r\n        <span class=\"ere__lpi-label\">Bedrooms<\/span>\r\n    <\/div>\r\n<\/div><div class=\"ere__loop-property-info-item property-bathrooms\" data-toggle=\"tooltip\" title=\"4 Bathrooms\">\r\n    <i class=\"fa fa-bath\"><\/i>\r\n    <div class=\"ere__lpi-content\">\r\n        <span class=\"ere__lpi-value\">4<\/span>\r\n        <span class=\"ere__lpi-label\">Bathrooms<\/span>\r\n    <\/div>\r\n<\/div>\r\n    <\/div>\r\n<\/div>\r\n\n\t\t<\/div>\n\t<\/div>\n<\/div>                    <div class=\"ere-item-wrap property-item mg-bottom-30\">\n\t<div class=\"property-inner\">\n        <div class=\"property-image\">\r\n    <img loading=\"lazy\" decoding=\"async\" width=\"330\"\r\n     height=\"180\"\r\n     src=\"https:\/\/lukinski.de\/villa\/wp-content\/uploads\/2022\/02\/ibiza-spanien-spain-kaufen-buy-neu-new-san-jose-urlaub-holiday-wohnen-villa-luxus-luxury-swimmingpool-3-330x180.jpg\"\r\n     onerror=\"this.src = 'https:\/\/lukinski.com\/home\/wp-content\/plugins\/essential-real-estate\/public\/assets\/images\/map-marker-icon.png';\"\r\n     alt=\"Ibiza, Spanien &#8211; Einzigartige Finca mit G\u00e4steh\u00e4usern inmitten unber\u00fchrter Natur in San Jose\"\r\n     title=\"Ibiza, Spanien &#8211; Einzigartige Finca mit G\u00e4steh\u00e4usern inmitten unber\u00fchrter Natur in San Jose\">\r\n\r\n<div class=\"ere__loop-property-action property-action\">\r\n    <a data-toggle=\"tooltip\"\r\n   title=\"(18) Photos\"\r\n   data-property-id=\"33582\"\r\n   href=\"javascript:void(0)\" class=\"property-view-gallery ere__loop-property_action-item\">\r\n    <i class=\"fa fa-camera\"><\/i>\r\n<\/a>\r\n<a href=\"javascript:void(0)\" class=\"property-favorite ere__loop-property_action-item\" data-property-id=\"33582\"\r\n   data-toggle=\"tooltip\"\r\n   title=\"Add to Favorite\"\r\n   data-title-not-favorite=\"Add to Favorite\"\r\n   data-title-favorited=\"It is my favorite\"\r\n   data-icon-not-favorite=\"fa fa-star-o\"\r\n   data-icon-favorited=\"fa fa-star\">\r\n    <i class=\"fa fa-star-o\"><\/i>\r\n<\/a>\r\n<a class=\"compare-property ere__loop-property_action-item\" href=\"javascript:void(0)\"\r\n   data-property-id=\"33582\" data-toggle=\"tooltip\"\r\n   title=\"Compare\">\r\n    <i class=\"fa fa-plus\"><\/i>\r\n<\/a>\r\n<\/div><div class=\"ere__loop-property-badge ere__lpb-featured-label\">\r\n                    <span class=\"ere__loop-property-badge-item ere__term-label new\">\r\n        <span class=\"ere__lpbi-inner\">\r\n            New        <\/span>\r\n    <\/span>\r\n    <\/div>\r\n<div class=\"ere__loop-property-badge ere__lpb-status\">\r\n                    <span class=\"ere__loop-property-badge-item ere__term-status buy\" >\r\n            <span class=\"ere__lpbi-inner\">\r\n                Buy            <\/span>\r\n        <\/span>\r\n                    <span class=\"ere__loop-property-badge-item ere__term-status new\" >\r\n            <span class=\"ere__lpbi-inner\">\r\n                New            <\/span>\r\n        <\/span>\r\n    <\/div>\r\n<a class=\"property-link\" href=\"https:\/\/lukinski.de\/villa\/property\/ibiza-spanien-finca-gaestehaeusern-unberuehrter-natur-san-jose\/\" title=\"Ibiza, Spanien &#8211; Einzigartige Finca mit G\u00e4steh\u00e4usern inmitten unber\u00fchrter Natur in San Jose\"><\/a>\r\n<\/div>\r\n\r\n\t\t<div class=\"property-item-content\">\n\t\t\t<div class=\"property-heading\">\n                <h2 class=\"property-title\">\n    <a href=\"https:\/\/lukinski.de\/villa\/property\/ibiza-spanien-finca-gaestehaeusern-unberuehrter-natur-san-jose\/\" title=\"Ibiza, Spanien &#8211; Einzigartige Finca mit G\u00e4steh\u00e4usern inmitten unber\u00fchrter Natur in San Jose\">Ibiza, Spanien &#8211; Einzigartige Finca mit G\u00e4steh\u00e4usern inmitten unber\u00fchrter Natur in San Jose<\/a>\n<\/h2>\n\t<span class=\"property-price ere__loop-property-price\">\n\t\t\t\t$4,250,000\t\t\t<\/span>\n\t\t\t<\/div>\n            <div class=\"property-location ere__loop-property-location\" title=\"San Jose, Ibiza\">\n\t<i class=\"fa fa-map-marker\"><\/i>\n\t<a target=\"_blank\" href=\"http:\/\/maps.google.com\/?q=San%20Jose,%20Ibiza\" rel=\"noopener\"><span>San Jose, Ibiza<\/span><\/a>\n<\/div>\n<div class=\"property-element-inline\">\r\n    <div class=\"property-type-list\"><i class=\"fa fa-tag\"><\/i><a href=\"https:\/\/lukinski.de\/villa\/property-type\/villa\/\" rel=\"tag\">Villa<\/a><\/div><div class=\"property-date\">\r\n    <i class=\"fa fa-calendar\"><\/i>\r\n     4\u00a0Jahren ago<\/div>\r\n<\/div>\r\n<div class=\"property-excerpt\">\r\n    <p>Villa Ibiza &#8211; Diese luxuri\u00f6se Villa genie\u00dft eine absolut private Lage &#8211; eingebettet in unber\u00fchrter Natur und dezenten Luxus und Komfort im ganz eigenen Stil. Hier verbinden sich Natur und Geb\u00e4ude zu einem harmonischen Ganzen. Genie\u00dfen Sie den Blick aus der Sauna in den Feigenbaum oder die unbeschreibliche Aussicht vom gro\u00dfz\u00fcgigen Loggia-Balkon des Obergeschosses ins [&hellip;]<\/p>\n<\/div>\r\n<div class=\"ere__loop-property-info property-info layout-1\">\r\n    <div class=\"property-info-inner\">\r\n        <div class=\"ere__loop-property-info-item property-area\" data-toggle=\"tooltip\" title=\"Size\">\r\n    <i class=\"fa fa-arrows\"><\/i>\r\n    <div class=\"ere__lpi-content\">\r\n        <span class=\"ere__lpi-value\">497 SqFt<\/span>\r\n        <span class=\"ere__lpi-label\">Size<\/span>\r\n    <\/div>\r\n<\/div>\r\n\r\n<div class=\"ere__loop-property-info-item property-bedrooms\" data-toggle=\"tooltip\" title=\"7 Bedrooms\">\r\n    <i class=\"fa fa-hotel\"><\/i>\r\n    <div class=\"ere__lpi-content\">\r\n        <span class=\"ere__lpi-value\">7<\/span>\r\n        <span class=\"ere__lpi-label\">Bedrooms<\/span>\r\n    <\/div>\r\n<\/div><div class=\"ere__loop-property-info-item property-bathrooms\" data-toggle=\"tooltip\" title=\"7 Bathrooms\">\r\n    <i class=\"fa fa-bath\"><\/i>\r\n    <div class=\"ere__lpi-content\">\r\n        <span class=\"ere__lpi-value\">7<\/span>\r\n        <span class=\"ere__lpi-label\">Bathrooms<\/span>\r\n    <\/div>\r\n<\/div>\r\n    <\/div>\r\n<\/div>\r\n\n\t\t<\/div>\n\t<\/div>\n<\/div>                    <div class=\"ere-item-wrap property-item mg-bottom-30\">\n\t<div class=\"property-inner\">\n        <div class=\"property-image\">\r\n    <img loading=\"lazy\" decoding=\"async\" width=\"330\"\r\n     height=\"180\"\r\n     src=\"https:\/\/lukinski.de\/villa\/wp-content\/uploads\/2022\/02\/ibiza-spanien-sa-carroca-spain-kaufen-buy-neu-new-urlaub-holiday-wohnen-villa-luxus-luxury-4-330x180.jpg\"\r\n     onerror=\"this.src = 'https:\/\/lukinski.com\/home\/wp-content\/plugins\/essential-real-estate\/public\/assets\/images\/map-marker-icon.png';\"\r\n     alt=\"Ibiza, Spanien &#8211; Ger\u00e4umige Villa ganz in der N\u00e4he der Stadt in Sa Carroca\"\r\n     title=\"Ibiza, Spanien &#8211; Ger\u00e4umige Villa ganz in der N\u00e4he der Stadt in Sa Carroca\">\r\n\r\n<div class=\"ere__loop-property-action property-action\">\r\n    <a data-toggle=\"tooltip\"\r\n   title=\"(21) Photos\"\r\n   data-property-id=\"33569\"\r\n   href=\"javascript:void(0)\" class=\"property-view-gallery ere__loop-property_action-item\">\r\n    <i class=\"fa fa-camera\"><\/i>\r\n<\/a>\r\n<a href=\"javascript:void(0)\" class=\"property-favorite ere__loop-property_action-item\" data-property-id=\"33569\"\r\n   data-toggle=\"tooltip\"\r\n   title=\"Add to Favorite\"\r\n   data-title-not-favorite=\"Add to Favorite\"\r\n   data-title-favorited=\"It is my favorite\"\r\n   data-icon-not-favorite=\"fa fa-star-o\"\r\n   data-icon-favorited=\"fa fa-star\">\r\n    <i class=\"fa fa-star-o\"><\/i>\r\n<\/a>\r\n<a class=\"compare-property ere__loop-property_action-item\" href=\"javascript:void(0)\"\r\n   data-property-id=\"33569\" data-toggle=\"tooltip\"\r\n   title=\"Compare\">\r\n    <i class=\"fa fa-plus\"><\/i>\r\n<\/a>\r\n<\/div><div class=\"ere__loop-property-badge ere__lpb-featured-label\">\r\n                    <span class=\"ere__loop-property-badge-item ere__term-label new\">\r\n        <span class=\"ere__lpbi-inner\">\r\n            New        <\/span>\r\n    <\/span>\r\n    <\/div>\r\n<div class=\"ere__loop-property-badge ere__lpb-status\">\r\n                    <span class=\"ere__loop-property-badge-item ere__term-status buy\" >\r\n            <span class=\"ere__lpbi-inner\">\r\n                Buy            <\/span>\r\n        <\/span>\r\n                    <span class=\"ere__loop-property-badge-item ere__term-status new\" >\r\n            <span class=\"ere__lpbi-inner\">\r\n                New            <\/span>\r\n        <\/span>\r\n    <\/div>\r\n<a class=\"property-link\" href=\"https:\/\/lukinski.de\/villa\/property\/ibiza-spanien-villa-stadt-sa-carroca\/\" title=\"Ibiza, Spanien &#8211; Ger\u00e4umige Villa ganz in der N\u00e4he der Stadt in Sa Carroca\"><\/a>\r\n<\/div>\r\n\r\n\t\t<div class=\"property-item-content\">\n\t\t\t<div class=\"property-heading\">\n                <h2 class=\"property-title\">\n    <a href=\"https:\/\/lukinski.de\/villa\/property\/ibiza-spanien-villa-stadt-sa-carroca\/\" title=\"Ibiza, Spanien &#8211; Ger\u00e4umige Villa ganz in der N\u00e4he der Stadt in Sa Carroca\">Ibiza, Spanien &#8211; Ger\u00e4umige Villa ganz in der N\u00e4he der Stadt in Sa Carroca<\/a>\n<\/h2>\n\t<span class=\"property-price ere__loop-property-price\">\n\t\t\t\t$2,680,000\t\t\t<\/span>\n\t\t\t<\/div>\n            <div class=\"property-location ere__loop-property-location\" title=\"Sa Carroca, Ibiza\">\n\t<i class=\"fa fa-map-marker\"><\/i>\n\t<a target=\"_blank\" href=\"http:\/\/maps.google.com\/?q=Sa%20Carroca,%20Ibiza\" rel=\"noopener\"><span>Sa Carroca, Ibiza<\/span><\/a>\n<\/div>\n<div class=\"property-element-inline\">\r\n    <div class=\"property-type-list\"><i class=\"fa fa-tag\"><\/i><a href=\"https:\/\/lukinski.de\/villa\/property-type\/villa\/\" rel=\"tag\">Villa<\/a><\/div><div class=\"property-date\">\r\n    <i class=\"fa fa-calendar\"><\/i>\r\n     4\u00a0Jahren ago<\/div>\r\n<\/div>\r\n<div class=\"property-excerpt\">\r\n    <p>Villa Ibiza &#8211; Mit 2 G\u00e4stebungalows und Mietlizenz &#8211; in Sa Carroca nur 5 Minuten vom Zentrum Ibizas entfernt. Superm\u00e4rkte, Restaurants und Bars sind in wenigen Minuten mit dem Auto und zu Fu\u00df zu erreichen. Diese Villa ist die perfekter Mischung aus dem authentischen Ibiza-Stil kombiniert mit modernen Elementen. Zur\u00fcck zur \u00dcbersicht: Villas Ibiza. Villa, [&hellip;]<\/p>\n<\/div>\r\n<div class=\"ere__loop-property-info property-info layout-1\">\r\n    <div class=\"property-info-inner\">\r\n        <div class=\"ere__loop-property-info-item property-area\" data-toggle=\"tooltip\" title=\"Size\">\r\n    <i class=\"fa fa-arrows\"><\/i>\r\n    <div class=\"ere__lpi-content\">\r\n        <span class=\"ere__lpi-value\">3,122 SqFt<\/span>\r\n        <span class=\"ere__lpi-label\">Size<\/span>\r\n    <\/div>\r\n<\/div>\r\n\r\n<div class=\"ere__loop-property-info-item property-bedrooms\" data-toggle=\"tooltip\" title=\"7 Bedrooms\">\r\n    <i class=\"fa fa-hotel\"><\/i>\r\n    <div class=\"ere__lpi-content\">\r\n        <span class=\"ere__lpi-value\">7<\/span>\r\n        <span class=\"ere__lpi-label\">Bedrooms<\/span>\r\n    <\/div>\r\n<\/div><div class=\"ere__loop-property-info-item property-bathrooms\" data-toggle=\"tooltip\" title=\"7 Bathrooms\">\r\n    <i class=\"fa fa-bath\"><\/i>\r\n    <div class=\"ere__lpi-content\">\r\n        <span class=\"ere__lpi-value\">7<\/span>\r\n        <span class=\"ere__lpi-label\">Bathrooms<\/span>\r\n    <\/div>\r\n<\/div>\r\n    <\/div>\r\n<\/div>\r\n\n\t\t<\/div>\n\t<\/div>\n<\/div>                    <div class=\"ere-item-wrap property-item mg-bottom-30\">\n\t<div class=\"property-inner\">\n        <div class=\"property-image\">\r\n    <img loading=\"lazy\" decoding=\"async\" width=\"330\"\r\n     height=\"180\"\r\n     src=\"https:\/\/lukinski.de\/villa\/wp-content\/uploads\/2022\/02\/ibiza-spanien-spain-kaufen-santa-gertrudis-buy-neu-new-urlaub-holiday-wohnen-villa-luxus-luxury-pool-swimming-garden3-330x180.jpg\"\r\n     onerror=\"this.src = 'https:\/\/lukinski.com\/home\/wp-content\/plugins\/essential-real-estate\/public\/assets\/images\/map-marker-icon.png';\"\r\n     alt=\"Ibiza, Spanien &#8211; Authentische Villa im Herzen der Insel in Santa Gertrudis\"\r\n     title=\"Ibiza, Spanien &#8211; Authentische Villa im Herzen der Insel in Santa Gertrudis\">\r\n\r\n<div class=\"ere__loop-property-action property-action\">\r\n    <a data-toggle=\"tooltip\"\r\n   title=\"(14) Photos\"\r\n   data-property-id=\"33554\"\r\n   href=\"javascript:void(0)\" class=\"property-view-gallery ere__loop-property_action-item\">\r\n    <i class=\"fa fa-camera\"><\/i>\r\n<\/a>\r\n<a href=\"javascript:void(0)\" class=\"property-favorite ere__loop-property_action-item\" data-property-id=\"33554\"\r\n   data-toggle=\"tooltip\"\r\n   title=\"Add to Favorite\"\r\n   data-title-not-favorite=\"Add to Favorite\"\r\n   data-title-favorited=\"It is my favorite\"\r\n   data-icon-not-favorite=\"fa fa-star-o\"\r\n   data-icon-favorited=\"fa fa-star\">\r\n    <i class=\"fa fa-star-o\"><\/i>\r\n<\/a>\r\n<a class=\"compare-property ere__loop-property_action-item\" href=\"javascript:void(0)\"\r\n   data-property-id=\"33554\" data-toggle=\"tooltip\"\r\n   title=\"Compare\">\r\n    <i class=\"fa fa-plus\"><\/i>\r\n<\/a>\r\n<\/div><div class=\"ere__loop-property-badge ere__lpb-featured-label\">\r\n                    <span class=\"ere__loop-property-badge-item ere__term-label new\">\r\n        <span class=\"ere__lpbi-inner\">\r\n            New        <\/span>\r\n    <\/span>\r\n    <\/div>\r\n<div class=\"ere__loop-property-badge ere__lpb-status\">\r\n                    <span class=\"ere__loop-property-badge-item ere__term-status buy\" >\r\n            <span class=\"ere__lpbi-inner\">\r\n                Buy            <\/span>\r\n        <\/span>\r\n                    <span class=\"ere__loop-property-badge-item ere__term-status new\" >\r\n            <span class=\"ere__lpbi-inner\">\r\n                New            <\/span>\r\n        <\/span>\r\n    <\/div>\r\n<a class=\"property-link\" href=\"https:\/\/lukinski.de\/villa\/property\/ibiza-spanien-villa-herzen-insel-santa-gertrudis\/\" title=\"Ibiza, Spanien &#8211; Authentische Villa im Herzen der Insel in Santa Gertrudis\"><\/a>\r\n<\/div>\r\n\r\n\t\t<div class=\"property-item-content\">\n\t\t\t<div class=\"property-heading\">\n                <h2 class=\"property-title\">\n    <a href=\"https:\/\/lukinski.de\/villa\/property\/ibiza-spanien-villa-herzen-insel-santa-gertrudis\/\" title=\"Ibiza, Spanien &#8211; Authentische Villa im Herzen der Insel in Santa Gertrudis\">Ibiza, Spanien &#8211; Authentische Villa im Herzen der Insel in Santa Gertrudis<\/a>\n<\/h2>\n\t<span class=\"property-price ere__loop-property-price\">\n\t\t\t\t$3,450,000\t\t\t<\/span>\n\t\t\t<\/div>\n            <div class=\"property-location ere__loop-property-location\" title=\"Santa Gertrudis, Ibiza\">\n\t<i class=\"fa fa-map-marker\"><\/i>\n\t<a target=\"_blank\" href=\"http:\/\/maps.google.com\/?q=Santa%20Gertrudis,%20Ibiza\" rel=\"noopener\"><span>Santa Gertrudis, Ibiza<\/span><\/a>\n<\/div>\n<div class=\"property-element-inline\">\r\n    <div class=\"property-type-list\"><i class=\"fa fa-tag\"><\/i><a href=\"https:\/\/lukinski.de\/villa\/property-type\/villa\/\" rel=\"tag\">Villa<\/a><\/div><div class=\"property-date\">\r\n    <i class=\"fa fa-calendar\"><\/i>\r\n     4\u00a0Jahren ago<\/div>\r\n<\/div>\r\n<div class=\"property-excerpt\">\r\n    <p>Villa Ibiza &#8211; Eine der charmantesten Villen auf Ibiza &#8211; inmitten der Landschaft von Santa Gertrudes. Das gro\u00dfe Grundst\u00fcck ist ein hervorragender Ort, um sowohl im Sommer als auch im Winter das leben zu genie\u00dfen. Ein wahres Paradies, ideal um Pferde und alle Arten von Tieren zu halten und f\u00fcr Naturliebhaber voll unber\u00fchrter Natur, Ruhe [&hellip;]<\/p>\n<\/div>\r\n<div class=\"ere__loop-property-info property-info layout-1\">\r\n    <div class=\"property-info-inner\">\r\n        <div class=\"ere__loop-property-info-item property-area\" data-toggle=\"tooltip\" title=\"Size\">\r\n    <i class=\"fa fa-arrows\"><\/i>\r\n    <div class=\"ere__lpi-content\">\r\n        <span class=\"ere__lpi-value\">584 SqFt<\/span>\r\n        <span class=\"ere__lpi-label\">Size<\/span>\r\n    <\/div>\r\n<\/div>\r\n\r\n<div class=\"ere__loop-property-info-item property-bedrooms\" data-toggle=\"tooltip\" title=\"4 Bedrooms\">\r\n    <i class=\"fa fa-hotel\"><\/i>\r\n    <div class=\"ere__lpi-content\">\r\n        <span class=\"ere__lpi-value\">4<\/span>\r\n        <span class=\"ere__lpi-label\">Bedrooms<\/span>\r\n    <\/div>\r\n<\/div><div class=\"ere__loop-property-info-item property-bathrooms\" data-toggle=\"tooltip\" title=\"3 Bathrooms\">\r\n    <i class=\"fa fa-bath\"><\/i>\r\n    <div class=\"ere__lpi-content\">\r\n        <span class=\"ere__lpi-value\">3<\/span>\r\n        <span class=\"ere__lpi-label\">Bathrooms<\/span>\r\n    <\/div>\r\n<\/div>\r\n    <\/div>\r\n<\/div>\r\n\n\t\t<\/div>\n\t<\/div>\n<\/div>                    <div class=\"ere-item-wrap property-item mg-bottom-30\">\n\t<div class=\"property-inner\">\n        <div class=\"property-image\">\r\n    <img loading=\"lazy\" decoding=\"async\" width=\"330\"\r\n     height=\"180\"\r\n     src=\"https:\/\/lukinski.de\/villa\/wp-content\/uploads\/2022\/02\/33-villa-ibiza-for-sale-neu-tischtennis-swimming-pool-wunderschoene-aussicht-anwesen-ausensicht-outside-essen-terrasse-schwimmen-15-330x180.jpg\"\r\n     onerror=\"this.src = 'https:\/\/lukinski.com\/home\/wp-content\/plugins\/essential-real-estate\/public\/assets\/images\/map-marker-icon.png';\"\r\n     alt=\"Ibiza, Spanien &#8211; Luxuri\u00f6se Villa mit unvergesslichen Sonnenunterg\u00e4ngen in St. Augustine\"\r\n     title=\"Ibiza, Spanien &#8211; Luxuri\u00f6se Villa mit unvergesslichen Sonnenunterg\u00e4ngen in St. Augustine\">\r\n\r\n<div class=\"ere__loop-property-action property-action\">\r\n    <a data-toggle=\"tooltip\"\r\n   title=\"(20) Photos\"\r\n   data-property-id=\"33533\"\r\n   href=\"javascript:void(0)\" class=\"property-view-gallery ere__loop-property_action-item\">\r\n    <i class=\"fa fa-camera\"><\/i>\r\n<\/a>\r\n<a href=\"javascript:void(0)\" class=\"property-favorite ere__loop-property_action-item\" data-property-id=\"33533\"\r\n   data-toggle=\"tooltip\"\r\n   title=\"Add to Favorite\"\r\n   data-title-not-favorite=\"Add to Favorite\"\r\n   data-title-favorited=\"It is my favorite\"\r\n   data-icon-not-favorite=\"fa fa-star-o\"\r\n   data-icon-favorited=\"fa fa-star\">\r\n    <i class=\"fa fa-star-o\"><\/i>\r\n<\/a>\r\n<a class=\"compare-property ere__loop-property_action-item\" href=\"javascript:void(0)\"\r\n   data-property-id=\"33533\" data-toggle=\"tooltip\"\r\n   title=\"Compare\">\r\n    <i class=\"fa fa-plus\"><\/i>\r\n<\/a>\r\n<\/div><div class=\"ere__loop-property-badge ere__lpb-featured-label\">\r\n                    <span class=\"ere__loop-property-badge-item ere__term-label new\">\r\n        <span class=\"ere__lpbi-inner\">\r\n            New        <\/span>\r\n    <\/span>\r\n    <\/div>\r\n<div class=\"ere__loop-property-badge ere__lpb-status\">\r\n                    <span class=\"ere__loop-property-badge-item ere__term-status buy\" >\r\n            <span class=\"ere__lpbi-inner\">\r\n                Buy            <\/span>\r\n        <\/span>\r\n                    <span class=\"ere__loop-property-badge-item ere__term-status new\" >\r\n            <span class=\"ere__lpbi-inner\">\r\n                New            <\/span>\r\n        <\/span>\r\n    <\/div>\r\n<a class=\"property-link\" href=\"https:\/\/lukinski.de\/villa\/property\/ibiza-spanien-luxurioese-villa-sonnenuntergaengen-st-augustine\/\" title=\"Ibiza, Spanien &#8211; Luxuri\u00f6se Villa mit unvergesslichen Sonnenunterg\u00e4ngen in St. Augustine\"><\/a>\r\n<\/div>\r\n\r\n\t\t<div class=\"property-item-content\">\n\t\t\t<div class=\"property-heading\">\n                <h2 class=\"property-title\">\n    <a href=\"https:\/\/lukinski.de\/villa\/property\/ibiza-spanien-luxurioese-villa-sonnenuntergaengen-st-augustine\/\" title=\"Ibiza, Spanien &#8211; Luxuri\u00f6se Villa mit unvergesslichen Sonnenunterg\u00e4ngen in St. Augustine\">Ibiza, Spanien &#8211; Luxuri\u00f6se Villa mit unvergesslichen Sonnenunterg\u00e4ngen in St. Augustine<\/a>\n<\/h2>\n\t<span class=\"property-price ere__loop-property-price\">\n\t\t\t\t$5,000,000\t\t\t<\/span>\n\t\t\t<\/div>\n            <div class=\"property-location ere__loop-property-location\" title=\"St. Augustine, Ibiza\">\n\t<i class=\"fa fa-map-marker\"><\/i>\n\t<a target=\"_blank\" href=\"http:\/\/maps.google.com\/?q=St.%20Augustine,%20Ibiza\" rel=\"noopener\"><span>St. Augustine, Ibiza<\/span><\/a>\n<\/div>\n<div class=\"property-element-inline\">\r\n    <div class=\"property-type-list\"><i class=\"fa fa-tag\"><\/i><a href=\"https:\/\/lukinski.de\/villa\/property-type\/villa\/\" rel=\"tag\">Villa<\/a><\/div><div class=\"property-date\">\r\n    <i class=\"fa fa-calendar\"><\/i>\r\n     4\u00a0Jahren ago<\/div>\r\n<\/div>\r\n<div class=\"property-excerpt\">\r\n    <p>Villa Ibiza &#8211; Schickes Anwesen mit herrlichem Meerblick &#8211; und gro\u00dfem Garten, Grillplatz, Pool und zentralen Kamin in St. Augustine, Ibiza. Zur\u00fcck zur \u00dcbersicht: Villas Ibiza. Villa, Grundst\u00fcck und Ausstattung Genie\u00dfen Sie die Sonnenunterg\u00e4nge in einem traumhaft sch\u00f6nen Garten mit Pool. Ausreichend Platz bietet das Grundst\u00fcck f\u00fcr G\u00e4ste mit 10000 m\u00b2. Die Villa hat drei [&hellip;]<\/p>\n<\/div>\r\n<div class=\"ere__loop-property-info property-info layout-1\">\r\n    <div class=\"property-info-inner\">\r\n        <div class=\"ere__loop-property-info-item property-area\" data-toggle=\"tooltip\" title=\"Size\">\r\n    <i class=\"fa fa-arrows\"><\/i>\r\n    <div class=\"ere__lpi-content\">\r\n        <span class=\"ere__lpi-value\">4,306 SqFt<\/span>\r\n        <span class=\"ere__lpi-label\">Size<\/span>\r\n    <\/div>\r\n<\/div>\r\n\r\n<div class=\"ere__loop-property-info-item property-bedrooms\" data-toggle=\"tooltip\" title=\"3 Bedrooms\">\r\n    <i class=\"fa fa-hotel\"><\/i>\r\n    <div class=\"ere__lpi-content\">\r\n        <span class=\"ere__lpi-value\">3<\/span>\r\n        <span class=\"ere__lpi-label\">Bedrooms<\/span>\r\n    <\/div>\r\n<\/div><div class=\"ere__loop-property-info-item property-bathrooms\" data-toggle=\"tooltip\" title=\"3 Bathrooms\">\r\n    <i class=\"fa fa-bath\"><\/i>\r\n    <div class=\"ere__lpi-content\">\r\n        <span class=\"ere__lpi-value\">3<\/span>\r\n        <span class=\"ere__lpi-label\">Bathrooms<\/span>\r\n    <\/div>\r\n<\/div>\r\n    <\/div>\r\n<\/div>\r\n\n\t\t<\/div>\n\t<\/div>\n<\/div>                                            <\/div>\n                                <div class=\"property-paging-wrap\"\n                 data-admin-url=\"\/villa\/wp-admin\/admin-ajax.php?ere_wpml_lang=de&#038;ere_property_paging_ajax_nonce=a41e33b764\"\n                 data-layout=\"property-grid\"\n                 data-items-amount=\"20\"\n                 data-columns=\"3\"\n                 data-image-size=\"330x180\"\n                 data-columns-gap=\"col-gap-30\"\n                 data-view-all-link=\"\"\n                 data-property-type=\"\"\n                 data-property-status=\"\"\n                 data-property-feature=\"\"\n                 data-property-city=\"\"\n                 data-property-state=\"\"\n                 data-property-neighborhood=\"\"\n                 data-property-label=\"\"\n                 data-property-featured=\"false\"\n                 data-author-id=\"\"\n                 data-agent-id=\"\">\n                <div class=\"paging-navigation clearfix\">\n\t<span aria-current=\"page\" class=\"page-numbers current\">1<\/span>\n<a class=\"page-numbers\" href=\"https:\/\/lukinski.de\/villa\/wp-json\/wp\/v2\/pages\/16206\/page\/2\/\">2<\/a>\n<span class=\"page-numbers dots\">&hellip;<\/span>\n<a class=\"page-numbers\" href=\"https:\/\/lukinski.de\/villa\/wp-json\/wp\/v2\/pages\/16206\/page\/4\/\">4<\/a>\n<a class=\"next page-numbers\" href=\"https:\/\/lukinski.de\/villa\/wp-json\/wp\/v2\/pages\/16206\/page\/2\/\">Next<\/a><\/div>            <\/div>\n            <\/div>\n<\/div>\n\n\n<\/div><\/section>\n<section  class='av_textblock_section av-knvn0kyc-76db45672c25fd2c275b349509bebe48'  itemscope=\"itemscope\" itemtype=\"https:\/\/schema.org\/CreativeWork\" ><div class='avia_textblock'  itemprop=\"text\" ><h2>Villa Immobilienmakler: Spanish Hotspots<\/h2>\n<p>Lukinski &#8211; Ich berate Sie mit meinem Team von A-Z. F\u00fcr alle Spezialf\u00e4lle von Finanzierung, Steuern, aber auch Sanierung, Aufwertung und Vermietung, haben wir vertrauensvolle Partner vor Ort, die selbst seit 10-30 Jahren am Standort t\u00e4tig sind. Gute Referenzen, vertrauensvolle Zusammenarbeit, das ist unser h\u00f6chstes Ziel, im Sinne unserer Kunden, f\u00fcr eine lange und erfolgreiche Zusammenarbeit.<\/p>\n<h2>Ibiza, Mallorca, Marbella + Miami<\/h2>\n<p>Ihr Makler B\u00fcro f\u00fcr den Kauf Ihrer Immobilie am oder im Mittelmeer und in Miami und Los Angeles. <a href=\"https:\/\/lukinski.de\/villa-kaufen-ibiza-wo-kaufen-exklusive-insel-tour-villenviertel-makler-tipps\/\">Villa Ibiza<\/a>, <a href=\"https:\/\/lukinski.de\/villa-kaufen-mallorca-wo-kaufen-insel-tour-villenviertel-makler-tipps\/\">Villa Mallorca<\/a>, <a href=\"https:\/\/lukinski.de\/villa-kaufen-marbella-wo-kaufen-kaeufer-tipps-villenviertel-makler-tour\/\">Villa Marbella<\/a>: Unser Team ber\u00e4t Sie im Inland und k\u00fcmmert sich um alles vor Ort zur Besichtigung, wenn Sie es w\u00fcnschen.<\/p>\n<p>Au\u00dferdem pflegen wir gute Kontakte in der USA, mit Fokus auf <a href=\"https:\/\/lukinski.de\/usa\/miami\/\">Miami<\/a> und <a href=\"https:\/\/lukinski.de\/usa\/los-angeles\/\">Los Angeles<\/a>. Mit pers\u00f6nlichen Vertrauten vor Ort, Kenntnissen um Bau und Substanz der Immobilie (egal ob Villa mit Meerblick oder Finca \/ Landhaus), Finanzierung und Eigenkapital, aber auch Aufwertung und Vermietung. Expos\u00e9s sagen mehr als 1.000 Worte.<\/p>\n<p>Hier finden Sie eine kleine Auswahl unseres Portfolios und unserer Local Lukinski Partner.<\/p>\n<h2>Luxus Immmobilien finden und kaufen<\/h2>\n<p>Wir f\u00fcr Sie:<\/p>\n<ul>\n<li>Beratung<\/li>\n<li>Villen Portfolio<\/li>\n<li>Off Market Villen<\/li>\n<li>Immobilien Akquise<\/li>\n<li>Termine und Besichtiung<\/li>\n<li>Reiseservice<\/li>\n<li>Kaufabwicklung<\/li>\n<li>Aufwertung (Partner vor Ort)<\/li>\n<li>Vermietung (Partner vor Ort)<\/li>\n<\/ul>\n<p>Zur\u00fcck zur Startseite: <a href=\"https:\/\/luksinki.de\">Immobilienmakler<\/a>.<\/p>\n<p>Hier finden Sie unseren <a href=\"\/kontakt\/\">Kontakt<\/a>.<\/p>\n<\/div><\/section>\n","protected":false},"excerpt":{"rendered":"","protected":false},"author":20,"featured_media":35509,"parent":0,"menu_order":0,"comment_status":"closed","ping_status":"closed","template":"","meta":{"footnotes":""},"class_list":["post-16206","page","type-page","status-publish","has-post-thumbnail","hentry"],"yoast_head":"<!-- This site is optimized with the Yoast SEO plugin v27.5 - https:\/\/yoast.com\/product\/yoast-seo-wordpress\/ -->\n<title>Villas: Ibiza, Mallorca, Marbella, Miami &amp; LA - LUKINSKI | Real Estates<\/title>\n<meta name=\"robots\" content=\"index, follow, max-snippet:-1, max-image-preview:large, max-video-preview:-1\" \/>\n<link rel=\"canonical\" href=\"https:\/\/lukinski.de\/villa\/kaufen\/\" \/>\n<meta property=\"og:locale\" content=\"de_DE\" \/>\n<meta property=\"og:type\" content=\"article\" \/>\n<meta property=\"og:title\" content=\"Villas: Ibiza, Mallorca, Marbella, Miami &amp; LA - LUKINSKI | Real Estates\" \/>\n<meta property=\"og:url\" content=\"https:\/\/lukinski.de\/villa\/kaufen\/\" \/>\n<meta property=\"og:site_name\" content=\"LUKINSKI | Real Estates\" \/>\n<meta property=\"article:modified_time\" content=\"2022-03-03T07:50:47+00:00\" \/>\n<meta property=\"og:image\" content=\"https:\/\/lukinski.de\/villa\/wp-content\/uploads\/2022\/02\/ibiza-spanien-spain-urlaub-holiday-wohnen-living-luxus-luxury-cala-llonga-21.jpg\" \/>\n\t<meta property=\"og:image:width\" content=\"1500\" \/>\n\t<meta property=\"og:image:height\" content=\"1125\" \/>\n\t<meta property=\"og:image:type\" content=\"image\/jpeg\" \/>\n<script type=\"application\/ld+json\" class=\"yoast-schema-graph\">{\"@context\":\"https:\\\/\\\/schema.org\",\"@graph\":[{\"@type\":\"WebPage\",\"@id\":\"https:\\\/\\\/lukinski.de\\\/villa\\\/kaufen\\\/\",\"url\":\"https:\\\/\\\/lukinski.de\\\/villa\\\/kaufen\\\/\",\"name\":\"Villas: Ibiza, Mallorca, Marbella, Miami & LA - LUKINSKI | Real Estates\",\"isPartOf\":{\"@id\":\"https:\\\/\\\/lukinski.com\\\/villa\\\/#website\"},\"primaryImageOfPage\":{\"@id\":\"https:\\\/\\\/lukinski.de\\\/villa\\\/kaufen\\\/#primaryimage\"},\"image\":{\"@id\":\"https:\\\/\\\/lukinski.de\\\/villa\\\/kaufen\\\/#primaryimage\"},\"thumbnailUrl\":\"https:\\\/\\\/lukinski.de\\\/villa\\\/wp-content\\\/uploads\\\/2022\\\/02\\\/ibiza-spanien-spain-urlaub-holiday-wohnen-living-luxus-luxury-cala-llonga-21.jpg\",\"datePublished\":\"2020-02-07T16:17:43+00:00\",\"dateModified\":\"2022-03-03T07:50:47+00:00\",\"breadcrumb\":{\"@id\":\"https:\\\/\\\/lukinski.de\\\/villa\\\/kaufen\\\/#breadcrumb\"},\"inLanguage\":\"de\",\"potentialAction\":[{\"@type\":\"ReadAction\",\"target\":[\"https:\\\/\\\/lukinski.de\\\/villa\\\/kaufen\\\/\"]}]},{\"@type\":\"ImageObject\",\"inLanguage\":\"de\",\"@id\":\"https:\\\/\\\/lukinski.de\\\/villa\\\/kaufen\\\/#primaryimage\",\"url\":\"https:\\\/\\\/lukinski.de\\\/villa\\\/wp-content\\\/uploads\\\/2022\\\/02\\\/ibiza-spanien-spain-urlaub-holiday-wohnen-living-luxus-luxury-cala-llonga-21.jpg\",\"contentUrl\":\"https:\\\/\\\/lukinski.de\\\/villa\\\/wp-content\\\/uploads\\\/2022\\\/02\\\/ibiza-spanien-spain-urlaub-holiday-wohnen-living-luxus-luxury-cala-llonga-21.jpg\",\"width\":1500,\"height\":1125},{\"@type\":\"BreadcrumbList\",\"@id\":\"https:\\\/\\\/lukinski.de\\\/villa\\\/kaufen\\\/#breadcrumb\",\"itemListElement\":[{\"@type\":\"ListItem\",\"position\":1,\"name\":\"Home\",\"item\":\"https:\\\/\\\/lukinski.de\\\/villa\\\/\"},{\"@type\":\"ListItem\",\"position\":2,\"name\":\"Villas: Ibiza, Mallorca, Marbella, Miami &#038; LA\"}]},{\"@type\":\"WebSite\",\"@id\":\"https:\\\/\\\/lukinski.com\\\/villa\\\/#website\",\"url\":\"https:\\\/\\\/lukinski.com\\\/villa\\\/\",\"name\":\"LUKINSKI | Real Estates\",\"description\":\"\",\"publisher\":{\"@id\":\"https:\\\/\\\/lukinski.com\\\/villa\\\/#organization\"},\"potentialAction\":[{\"@type\":\"SearchAction\",\"target\":{\"@type\":\"EntryPoint\",\"urlTemplate\":\"https:\\\/\\\/lukinski.com\\\/villa\\\/?s={search_term_string}\"},\"query-input\":{\"@type\":\"PropertyValueSpecification\",\"valueRequired\":true,\"valueName\":\"search_term_string\"}}],\"inLanguage\":\"de\"},{\"@type\":\"Organization\",\"@id\":\"https:\\\/\\\/lukinski.com\\\/villa\\\/#organization\",\"name\":\"Lukinski\",\"url\":\"https:\\\/\\\/lukinski.com\\\/villa\\\/\",\"logo\":{\"@type\":\"ImageObject\",\"inLanguage\":\"de\",\"@id\":\"https:\\\/\\\/lukinski.com\\\/villa\\\/#\\\/schema\\\/logo\\\/image\\\/\",\"url\":\"https:\\\/\\\/lukinski.com\\\/home\\\/wp-content\\\/uploads\\\/2021\\\/05\\\/realtor-real-estates-logo-makler-immobilien-lukinski-luxury-luxus.png\",\"contentUrl\":\"https:\\\/\\\/lukinski.com\\\/home\\\/wp-content\\\/uploads\\\/2021\\\/05\\\/realtor-real-estates-logo-makler-immobilien-lukinski-luxury-luxus.png\",\"width\":170,\"height\":90,\"caption\":\"Lukinski\"},\"image\":{\"@id\":\"https:\\\/\\\/lukinski.com\\\/villa\\\/#\\\/schema\\\/logo\\\/image\\\/\"},\"sameAs\":[\"https:\\\/\\\/www.instagram.com\\\/lukinski\\\/\",\"https:\\\/\\\/www.youtube.com\\\/channel\\\/UCzOLH93prKp0eKVUaQVK_Tw\"]}]}<\/script>\n<!-- \/ Yoast SEO plugin. -->","yoast_head_json":{"title":"Villas: Ibiza, Mallorca, Marbella, Miami & LA - LUKINSKI | Real Estates","robots":{"index":"index","follow":"follow","max-snippet":"max-snippet:-1","max-image-preview":"max-image-preview:large","max-video-preview":"max-video-preview:-1"},"canonical":"https:\/\/lukinski.de\/villa\/kaufen\/","og_locale":"de_DE","og_type":"article","og_title":"Villas: Ibiza, Mallorca, Marbella, Miami & LA - LUKINSKI | Real Estates","og_url":"https:\/\/lukinski.de\/villa\/kaufen\/","og_site_name":"LUKINSKI | Real Estates","article_modified_time":"2022-03-03T07:50:47+00:00","og_image":[{"width":1500,"height":1125,"url":"https:\/\/lukinski.de\/villa\/wp-content\/uploads\/2022\/02\/ibiza-spanien-spain-urlaub-holiday-wohnen-living-luxus-luxury-cala-llonga-21.jpg","type":"image\/jpeg"}],"schema":{"@context":"https:\/\/schema.org","@graph":[{"@type":"WebPage","@id":"https:\/\/lukinski.de\/villa\/kaufen\/","url":"https:\/\/lukinski.de\/villa\/kaufen\/","name":"Villas: Ibiza, Mallorca, Marbella, Miami & LA - LUKINSKI | Real Estates","isPartOf":{"@id":"https:\/\/lukinski.com\/villa\/#website"},"primaryImageOfPage":{"@id":"https:\/\/lukinski.de\/villa\/kaufen\/#primaryimage"},"image":{"@id":"https:\/\/lukinski.de\/villa\/kaufen\/#primaryimage"},"thumbnailUrl":"https:\/\/lukinski.de\/villa\/wp-content\/uploads\/2022\/02\/ibiza-spanien-spain-urlaub-holiday-wohnen-living-luxus-luxury-cala-llonga-21.jpg","datePublished":"2020-02-07T16:17:43+00:00","dateModified":"2022-03-03T07:50:47+00:00","breadcrumb":{"@id":"https:\/\/lukinski.de\/villa\/kaufen\/#breadcrumb"},"inLanguage":"de","potentialAction":[{"@type":"ReadAction","target":["https:\/\/lukinski.de\/villa\/kaufen\/"]}]},{"@type":"ImageObject","inLanguage":"de","@id":"https:\/\/lukinski.de\/villa\/kaufen\/#primaryimage","url":"https:\/\/lukinski.de\/villa\/wp-content\/uploads\/2022\/02\/ibiza-spanien-spain-urlaub-holiday-wohnen-living-luxus-luxury-cala-llonga-21.jpg","contentUrl":"https:\/\/lukinski.de\/villa\/wp-content\/uploads\/2022\/02\/ibiza-spanien-spain-urlaub-holiday-wohnen-living-luxus-luxury-cala-llonga-21.jpg","width":1500,"height":1125},{"@type":"BreadcrumbList","@id":"https:\/\/lukinski.de\/villa\/kaufen\/#breadcrumb","itemListElement":[{"@type":"ListItem","position":1,"name":"Home","item":"https:\/\/lukinski.de\/villa\/"},{"@type":"ListItem","position":2,"name":"Villas: Ibiza, Mallorca, Marbella, Miami &#038; LA"}]},{"@type":"WebSite","@id":"https:\/\/lukinski.com\/villa\/#website","url":"https:\/\/lukinski.com\/villa\/","name":"LUKINSKI | Real Estates","description":"","publisher":{"@id":"https:\/\/lukinski.com\/villa\/#organization"},"potentialAction":[{"@type":"SearchAction","target":{"@type":"EntryPoint","urlTemplate":"https:\/\/lukinski.com\/villa\/?s={search_term_string}"},"query-input":{"@type":"PropertyValueSpecification","valueRequired":true,"valueName":"search_term_string"}}],"inLanguage":"de"},{"@type":"Organization","@id":"https:\/\/lukinski.com\/villa\/#organization","name":"Lukinski","url":"https:\/\/lukinski.com\/villa\/","logo":{"@type":"ImageObject","inLanguage":"de","@id":"https:\/\/lukinski.com\/villa\/#\/schema\/logo\/image\/","url":"https:\/\/lukinski.com\/home\/wp-content\/uploads\/2021\/05\/realtor-real-estates-logo-makler-immobilien-lukinski-luxury-luxus.png","contentUrl":"https:\/\/lukinski.com\/home\/wp-content\/uploads\/2021\/05\/realtor-real-estates-logo-makler-immobilien-lukinski-luxury-luxus.png","width":170,"height":90,"caption":"Lukinski"},"image":{"@id":"https:\/\/lukinski.com\/villa\/#\/schema\/logo\/image\/"},"sameAs":["https:\/\/www.instagram.com\/lukinski\/","https:\/\/www.youtube.com\/channel\/UCzOLH93prKp0eKVUaQVK_Tw"]}]}},"_links":{"self":[{"href":"https:\/\/lukinski.de\/villa\/wp-json\/wp\/v2\/pages\/16206","targetHints":{"allow":["GET"]}}],"collection":[{"href":"https:\/\/lukinski.de\/villa\/wp-json\/wp\/v2\/pages"}],"about":[{"href":"https:\/\/lukinski.de\/villa\/wp-json\/wp\/v2\/types\/page"}],"author":[{"embeddable":true,"href":"https:\/\/lukinski.de\/villa\/wp-json\/wp\/v2\/users\/20"}],"replies":[{"embeddable":true,"href":"https:\/\/lukinski.de\/villa\/wp-json\/wp\/v2\/comments?post=16206"}],"version-history":[{"count":0,"href":"https:\/\/lukinski.de\/villa\/wp-json\/wp\/v2\/pages\/16206\/revisions"}],"wp:featuredmedia":[{"embeddable":true,"href":"https:\/\/lukinski.de\/villa\/wp-json\/wp\/v2\/media\/35509"}],"wp:attachment":[{"href":"https:\/\/lukinski.de\/villa\/wp-json\/wp\/v2\/media?parent=16206"}],"curies":[{"name":"wp","href":"https:\/\/api.w.org\/{rel}","templated":true}]}}